{"id":48331,"date":"2026-09-05T17:19:44","date_gmt":"2026-09-05T17:19:44","guid":{"rendered":"https:\/\/contemporary-arts.de\/?post_type=galerie&#038;p=48331"},"modified":"2026-09-05T17:19:44","modified_gmt":"2026-09-05T17:19:44","slug":"ink-konzept-und-kulturraum","status":"publish","type":"galerie","link":"https:\/\/contemporary-arts.de\/index.php\/galerie\/ink-konzept-und-kulturraum\/","title":{"rendered":"ink &#8211; Konzept- und Kul\u00adtur\u00adraum"},"content":{"rendered":"<p>Der ink Konzept- und Kulturraum in Appenzell verbindet Ausstellungen, Ateliers, Konzerte und ein Caf\u00e9. Getragen wird er von der Neuen Zunft zu Appenzell, Mitgliedschaften sind m\u00f6glich. Es ist damit weniger Galerie als Ort f\u00fcr kulturelles Leben, der Verkauf steht nicht im Vordergrund.<\/p>\n","protected":false},"excerpt":{"rendered":"<p>Der ink Konzept- und Kulturraum in Appenzell verbindet Ausstellungen, Ateliers, Konzerte und ein Caf\u00e9. Getragen wird er von der Neuen Zunft zu Appenzell, Mitgliedschaften sind m\u00f6glich. Es ist damit weniger Galerie als Ort f\u00fcr kulturelles Leben, der Verkauf steht nicht im Vordergrund.<\/p>\n","protected":false},"author":1,"featured_media":0,"template":"","meta":{"_acf_changed":false,"galerie_place_id":"ChIJmWlS1CQhm0cRK1UoOAvfpLc","galerie_address":"Engelgasse 3","galerie_city":"Appenzell","galerie_zip":"9050","galerie_country":"CH","galerie_latitude":"47.3305796","galerie_longitude":"9.4082088","galerie_phone":"+41765063190","galerie_url":"http:\/\/ink-appenzell.ch\/","galerie_domain":"ink-appenzell.ch","galerie_rating_value":"5","galerie_rating_count":"21","galerie_galerist":"","galerie_gruendung":"","galerie_artists_url":"","galerie_about_url":"","galerie_quelle_stadt":"St. Gallen","galerie_werk_typ":"","galerie_online_shop":"","galerie_werk_signale":"","galerie_ranking_score":"0","galerie_ranking_rang":"1017","galerie_claimed_by":""},"kuenstler":[],"galerie_stadt":[1345],"galerie_typ":[],"galerie_land":[671],"class_list":["post-48331","galerie","type-galerie","status-publish","hentry","galerie_stadt-appenzell","galerie_land-ch"],"acf":[],"_links":{"self":[{"href":"https:\/\/contemporary-arts.de\/index.php\/wp-json\/wp\/v2\/galerie\/48331","targetHints":{"allow":["GET"]}}],"collection":[{"href":"https:\/\/contemporary-arts.de\/index.php\/wp-json\/wp\/v2\/galerie"}],"about":[{"href":"https:\/\/contemporary-arts.de\/index.php\/wp-json\/wp\/v2\/types\/galerie"}],"author":[{"embeddable":true,"href":"https:\/\/contemporary-arts.de\/index.php\/wp-json\/wp\/v2\/users\/1"}],"wp:attachment":[{"href":"https:\/\/contemporary-arts.de\/index.php\/wp-json\/wp\/v2\/media?parent=48331"}],"wp:term":[{"taxonomy":"kuenstler","embeddable":true,"href":"https:\/\/contemporary-arts.de\/index.php\/wp-json\/wp\/v2\/kuenstler?post=48331"},{"taxonomy":"galerie_stadt","embeddable":true,"href":"https:\/\/contemporary-arts.de\/index.php\/wp-json\/wp\/v2\/galerie_stadt?post=48331"},{"taxonomy":"galerie_typ","embeddable":true,"href":"https:\/\/contemporary-arts.de\/index.php\/wp-json\/wp\/v2\/galerie_typ?post=48331"},{"taxonomy":"galerie_land","embeddable":true,"href":"https:\/\/contemporary-arts.de\/index.php\/wp-json\/wp\/v2\/galerie_land?post=48331"}],"curies":[{"name":"wp","href":"https:\/\/api.w.org\/{rel}","templated":true}]}}