{"id":47672,"date":"2026-09-06T10:50:25","date_gmt":"2026-09-06T10:50:25","guid":{"rendered":"https:\/\/contemporary-arts.de\/?post_type=galerie&#038;p=47672"},"modified":"2026-09-06T12:34:44","modified_gmt":"2026-09-06T12:34:44","slug":"gowen-gallery","status":"publish","type":"galerie","link":"https:\/\/contemporary-arts.de\/index.php\/galerie\/gowen-gallery\/","title":{"rendered":"GOWEN Gallery"},"content":{"rendered":"<p>GOWEN Gallery zeigt in Geneva vor allem Fotografie und Installation. Gegr\u00fcndet 2009, geh\u00f6ren heute 75 Positionen zum Programm. Neben Messebeteiligungen bleibt der Schwerpunkt bei j\u00fcngeren Positionen, die noch nicht am Markt etabliert sind.<\/p>\n","protected":false},"excerpt":{"rendered":"<p>GOWEN Gallery zeigt in Geneva vor allem Fotografie und Installation. Gegr\u00fcndet 2009, geh\u00f6ren heute 75 Positionen zum Programm. Neben Messebeteiligungen bleibt der Schwerpunkt bei j\u00fcngeren Positionen, die noch nicht am Markt etabliert sind.<\/p>\n","protected":false},"author":1,"featured_media":0,"template":"","meta":{"_acf_changed":false,"galerie_place_id":"ChIJv18UAyxljEcRHduNg9QtevA","galerie_address":"Grand-Rue 23","galerie_city":"Geneva","galerie_zip":"1204","galerie_country":"CH","galerie_latitude":"46.2017825","galerie_longitude":"6.1460815","galerie_phone":"+41227003068","galerie_url":"https:\/\/gowen.art\/","galerie_domain":"gowen.art","galerie_rating_value":"5","galerie_rating_count":"7","galerie_galerist":"","galerie_gruendung":"2009","galerie_artists_url":"https:\/\/gowen.art\/artists","galerie_about_url":"https:\/\/gowen.art\/about","galerie_quelle_stadt":"Genf","galerie_werk_typ":"","galerie_online_shop":"","galerie_werk_signale":"","galerie_ranking_score":"0","galerie_ranking_rang":"1693","galerie_claimed_by":""},"kuenstler":[4073,4101,3500,4072,3487,4095,4084,4111,4067,4094,4091,4113,4124,3394,4090,4116,4077,3895,4080,4127,4107,4097,4121,4114,4086,4119,4104,4089,4120,4087,4081,4128,4110,4132,4109,4125,4123,4093,4130,4122,4078,4092,4126,4131,4112,4079,4074,4115,4083,4071,4102,3494,4069,4075,3699,4088,4105,3490,4117,4108,4082,4099,4070,4106,4100,3061,4129,4118,4103,4096,4085,4098,4068,2416,4076],"galerie_stadt":[1181],"galerie_typ":[],"galerie_land":[671],"class_list":["post-47672","galerie","type-galerie","status-publish","hentry","kuenstler-aglae-bassens","kuenstler-agostino-lacurci","kuenstler-ai-weiwei","kuenstler-ako-atikossie","kuenstler-alex-katz","kuenstler-alexandra-haeberli","kuenstler-amelie-ducommun","kuenstler-anastasia-norenko","kuenstler-ann-agee","kuenstler-asif-hoque","kuenstler-athene-galiciadis","kuenstler-aurelie-petrel","kuenstler-ayana-v-jackson","kuenstler-brice-guilbert","kuenstler-bruno-gadenne","kuenstler-bryan-rogers","kuenstler-carine-bovey","kuenstler-catherine-gfeller","kuenstler-claude-cortinovis","kuenstler-ella-walker","kuenstler-emily-marie-miller-coan","kuenstler-ewa-juszkiewicz","kuenstler-fatma-shanan","kuenstler-francoise-petrovitch","kuenstler-genieve-figgis","kuenstler-gino-sabatini-odoardi","kuenstler-giuliano-macca","kuenstler-gonzalo-fuenmayor","kuenstler-gretchen-scherer","kuenstler-helen-flockhart","kuenstler-imane-djamil","kuenstler-jake-wood-evans","kuenstler-james-nachtwey","kuenstler-jerome-zonder","kuenstler-jesse-mockrin","kuenstler-joana-vasconcelos","kuenstler-kiki-smith","kuenstler-louise-giovanelli","kuenstler-lynette-yiadom-boakye","kuenstler-ma-sibo","kuenstler-maria-ceppi","kuenstler-maria-gimeno","kuenstler-marie-velardi","kuenstler-marta-zgierska","kuenstler-martin-parr","kuenstler-milano-chow","kuenstler-moufouli-bello","kuenstler-muriel-rodolosse","kuenstler-nathalie-du-pasquier","kuenstler-nick-archer","kuenstler-nick-laessing","kuenstler-nicolas-party","kuenstler-nouf-aljowaysir","kuenstler-pascal-berthoud","kuenstler-peter-halley","kuenstler-philippe-fretz","kuenstler-quentin-james-mccaffrey","kuenstler-robert-longo","kuenstler-robert-russell","kuenstler-romeo-mivekannin","kuenstler-ryan-driscoll","kuenstler-sanam-khatibi","kuenstler-sara-anstis","kuenstler-sebastien-mettraux","kuenstler-seif-kousmate","kuenstler-skip-to-content","kuenstler-sofia-yeganeh","kuenstler-sophie-ryder","kuenstler-sylvie-lambert","kuenstler-tami-ichino","kuenstler-tess-dumon","kuenstler-vladimir-kartashov","kuenstler-waseem-ahmed","kuenstler-yayoi-kusama","kuenstler-yifat-bezalel","galerie_stadt-geneva","galerie_land-ch"],"acf":[],"_links":{"self":[{"href":"https:\/\/contemporary-arts.de\/index.php\/wp-json\/wp\/v2\/galerie\/47672","targetHints":{"allow":["GET"]}}],"collection":[{"href":"https:\/\/contemporary-arts.de\/index.php\/wp-json\/wp\/v2\/galerie"}],"about":[{"href":"https:\/\/contemporary-arts.de\/index.php\/wp-json\/wp\/v2\/types\/galerie"}],"author":[{"embeddable":true,"href":"https:\/\/contemporary-arts.de\/index.php\/wp-json\/wp\/v2\/users\/1"}],"wp:attachment":[{"href":"https:\/\/contemporary-arts.de\/index.php\/wp-json\/wp\/v2\/media?parent=47672"}],"wp:term":[{"taxonomy":"kuenstler","embeddable":true,"href":"https:\/\/contemporary-arts.de\/index.php\/wp-json\/wp\/v2\/kuenstler?post=47672"},{"taxonomy":"galerie_stadt","embeddable":true,"href":"https:\/\/contemporary-arts.de\/index.php\/wp-json\/wp\/v2\/galerie_stadt?post=47672"},{"taxonomy":"galerie_typ","embeddable":true,"href":"https:\/\/contemporary-arts.de\/index.php\/wp-json\/wp\/v2\/galerie_typ?post=47672"},{"taxonomy":"galerie_land","embeddable":true,"href":"https:\/\/contemporary-arts.de\/index.php\/wp-json\/wp\/v2\/galerie_land?post=47672"}],"curies":[{"name":"wp","href":"https:\/\/api.w.org\/{rel}","templated":true}]}}