{"id":47181,"date":"2026-09-06T10:50:46","date_gmt":"2026-09-06T10:50:46","guid":{"rendered":"https:\/\/contemporary-arts.de\/?post_type=galerie&#038;p=47181"},"modified":"2026-09-06T12:34:27","modified_gmt":"2026-09-06T12:34:27","slug":"kate-vass-galerie","status":"publish","type":"galerie","link":"https:\/\/contemporary-arts.de\/index.php\/galerie\/kate-vass-galerie\/","title":{"rendered":"KATE VASS GALERIE"},"content":{"rendered":"<p>KATE VASS GALERIE arbeitet als Galerie in Z\u00fcrich. Gezeigt werden Arbeiten von 65 K\u00fcnstlerinnen und K\u00fcnstlern. Neben Messebeteiligungen bleibt der Schwerpunkt bei j\u00fcngeren Positionen, die noch nicht am Markt etabliert sind.<\/p>\n","protected":false},"excerpt":{"rendered":"<p>KATE VASS GALERIE arbeitet als Galerie in Z\u00fcrich. Gezeigt werden Arbeiten von 65 K\u00fcnstlerinnen und K\u00fcnstlern. Neben Messebeteiligungen bleibt der Schwerpunkt bei j\u00fcngeren Positionen, die noch nicht am Markt etabliert sind.<\/p>\n","protected":false},"author":1,"featured_media":0,"template":"","meta":{"_acf_changed":false,"galerie_place_id":"ChIJ0QYZVEynmkcRrBlVOAuT_xg","galerie_address":"Gartenstrasse 25","galerie_city":"Z\u00fcrich","galerie_zip":"8002","galerie_country":"CH","galerie_latitude":"47.3680539","galerie_longitude":"8.5329961","galerie_phone":"","galerie_url":"http:\/\/www.katevassgalerie.com\/","galerie_domain":"www.katevassgalerie.com","galerie_rating_value":"4","galerie_rating_count":"12","galerie_galerist":"","galerie_gruendung":"","galerie_artists_url":"http:\/\/www.katevassgalerie.com\/artists","galerie_about_url":"http:\/\/www.katevassgalerie.com\/about-us","galerie_quelle_stadt":"Z\u00fcrich","galerie_werk_typ":"","galerie_online_shop":"","galerie_werk_signale":"","galerie_ranking_score":"0","galerie_ranking_rang":"2170","galerie_claimed_by":""},"kuenstler":[6483,6493,6474,6455,6494,6492,6454,6461,6499,6503,6509,6487,6468,6481,6469,6477,6129,6485,6486,6457,6472,6473,6467,6464,6459,6495,6470,6505,6504,6488,6479,6465,6496,6451,6471,6478,6491,6452,6482,6497,6500,6476,6453,6498,6458,6449,6450,6448,6462,6484,6456,6506,6490,6463,6501,6508,3061,6460,6502,6466,6489,6507,6475,2423,6480],"galerie_stadt":[1065],"galerie_typ":[],"galerie_land":[671],"class_list":["post-47181","galerie","type-galerie","status-publish","hentry","kuenstler-alexander-mordvintsev","kuenstler-alexander-reben","kuenstler-alice-gordon","kuenstler-alkan-avcioglu","kuenstler-anna-ridler","kuenstler-casey-reas","kuenstler-cesar-escudero-andaluz","kuenstler-charles-csuri","kuenstler-cornelia-sollfrank","kuenstler-david-szauder","kuenstler-david-young","kuenstler-desmond-paul-henry","kuenstler-ed-fornieles","kuenstler-emre-meydan","kuenstler-entangled-others-studio","kuenstler-espen-kluge","kuenstler-francois-morellet","kuenstler-frieder-nake","kuenstler-georg-nees","kuenstler-gordon-berger","kuenstler-gottfried-honegger","kuenstler-gottfried-jaeger","kuenstler-grayson-earle","kuenstler-hans-dehlinger","kuenstler-harold-cohen","kuenstler-helena-sarin","kuenstler-herbert-w-franke","kuenstler-iskra-velitchkova","kuenstler-ivona-tau","kuenstler-jenni-pasanen","kuenstler-john-maeda","kuenstler-julien-gachadoat","kuenstler-kenny-schachter","kuenstler-kevin-abosch","kuenstler-kjetil-golid","kuenstler-ksawery-kirklewski","kuenstler-laura-rautjoki","kuenstler-lucas-aguirre","kuenstler-manfred-mohr","kuenstler-marcel-schwittlick","kuenstler-marcelo-soria-rodriguez","kuenstler-mario-klingemann","kuenstler-memo-akten","kuenstler-miss-al-simpson","kuenstler-nancy-burson","kuenstler-on-chain-art","kuenstler-on-chain-studio","kuenstler-past-events","kuenstler-primavera-de-filippi","kuenstler-rhea-myers","kuenstler-robbie-barrat","kuenstler-roman-verostko","kuenstler-roope-rainisto","kuenstler-sarah-friend","kuenstler-sasha-stiles","kuenstler-shizuko-yoshikawa","kuenstler-skip-to-content","kuenstler-sofia-crespo","kuenstler-studio-u2p050","kuenstler-the-distributed-gallery","kuenstler-thomas-lin-pedersen","kuenstler-tom-white","kuenstler-vebjorn-isaksen","kuenstler-vera-molnar","kuenstler-william-mapan","galerie_stadt-zuerich","galerie_land-ch"],"acf":[],"_links":{"self":[{"href":"https:\/\/contemporary-arts.de\/index.php\/wp-json\/wp\/v2\/galerie\/47181","targetHints":{"allow":["GET"]}}],"collection":[{"href":"https:\/\/contemporary-arts.de\/index.php\/wp-json\/wp\/v2\/galerie"}],"about":[{"href":"https:\/\/contemporary-arts.de\/index.php\/wp-json\/wp\/v2\/types\/galerie"}],"author":[{"embeddable":true,"href":"https:\/\/contemporary-arts.de\/index.php\/wp-json\/wp\/v2\/users\/1"}],"wp:attachment":[{"href":"https:\/\/contemporary-arts.de\/index.php\/wp-json\/wp\/v2\/media?parent=47181"}],"wp:term":[{"taxonomy":"kuenstler","embeddable":true,"href":"https:\/\/contemporary-arts.de\/index.php\/wp-json\/wp\/v2\/kuenstler?post=47181"},{"taxonomy":"galerie_stadt","embeddable":true,"href":"https:\/\/contemporary-arts.de\/index.php\/wp-json\/wp\/v2\/galerie_stadt?post=47181"},{"taxonomy":"galerie_typ","embeddable":true,"href":"https:\/\/contemporary-arts.de\/index.php\/wp-json\/wp\/v2\/galerie_typ?post=47181"},{"taxonomy":"galerie_land","embeddable":true,"href":"https:\/\/contemporary-arts.de\/index.php\/wp-json\/wp\/v2\/galerie_land?post=47181"}],"curies":[{"name":"wp","href":"https:\/\/api.w.org\/{rel}","templated":true}]}}