{"id":47087,"date":"2026-09-06T10:50:50","date_gmt":"2026-09-06T10:50:50","guid":{"rendered":"https:\/\/contemporary-arts.de\/?post_type=galerie&#038;p=47087"},"modified":"2026-09-06T12:34:00","modified_gmt":"2026-09-06T12:34:00","slug":"galerie-bildhalle","status":"publish","type":"galerie","link":"https:\/\/contemporary-arts.de\/index.php\/galerie\/galerie-bildhalle\/","title":{"rendered":"Galerie Bildhalle"},"content":{"rendered":"<p>Galerie Bildhalle konzentriert sich in Z\u00fcrich auf Fotografie und Editionen. Gegr\u00fcndet 2013, geh\u00f6ren heute 50 Positionen zum Programm. Neben Messebeteiligungen bleibt der Schwerpunkt bei j\u00fcngeren Positionen, die noch nicht am Markt etabliert sind.<\/p>\n","protected":false},"excerpt":{"rendered":"<p>Galerie Bildhalle konzentriert sich in Z\u00fcrich auf Fotografie und Editionen. Gegr\u00fcndet 2013, geh\u00f6ren heute 50 Positionen zum Programm. Neben Messebeteiligungen bleibt der Schwerpunkt bei j\u00fcngeren Positionen, die noch nicht am Markt etabliert sind.<\/p>\n","protected":false},"author":1,"featured_media":0,"template":"","meta":{"_acf_changed":false,"galerie_place_id":"ChIJx1yYm3CnmkcRDEDqW8G6yt0","galerie_address":"Stauffacherquai 56","galerie_city":"Z\u00fcrich","galerie_zip":"8004","galerie_country":"CH","galerie_latitude":"47.3695054","galerie_longitude":"8.5281829","galerie_phone":"+41445520918","galerie_url":"http:\/\/www.bildhalle.ch\/","galerie_domain":"www.bildhalle.ch","galerie_rating_value":"4.7","galerie_rating_count":"36","galerie_galerist":"","galerie_gruendung":"2013","galerie_artists_url":"http:\/\/www.bildhalle.ch\/artists\/","galerie_about_url":"http:\/\/www.bildhalle.ch\/about\/","galerie_quelle_stadt":"Z\u00fcrich","galerie_werk_typ":"unbestimmt","galerie_online_shop":"ja","galerie_werk_signale":"","galerie_ranking_score":"0","galerie_ranking_rang":"2268","galerie_claimed_by":""},"kuenstler":[6850,4182,3479,6874,1508,6858,6878,6877,6870,6844,6857,6865,1558,6864,6851,6876,6867,6879,6846,1509,6854,1555,6852,6856,6869,6863,1553,6859,6871,6868,6855,6875,6847,6862,6866,6849,6843,1557,6853,3477,6872,1559,2700,3478,6873,1506,6860,6848,6845,6861],"galerie_stadt":[1065],"galerie_typ":[],"galerie_land":[671],"class_list":["post-47087","galerie","type-galerie","status-publish","hentry","kuenstler-adam-jeppesen","kuenstler-aimee-hoving","kuenstler-albarran-cabrera","kuenstler-amy-friend","kuenstler-art-fairs","kuenstler-bastiaan-woudt","kuenstler-bildhalle-amsterdam","kuenstler-bildhalle-zurich","kuenstler-bruno-augsburger","kuenstler-casper-faassen","kuenstler-chantal-elisabeth-ariens","kuenstler-cig-harvey","kuenstler-cookie-preferences","kuenstler-danielle-kwaaitaal","kuenstler-douglas-mandry","kuenstler-eloise-labarbe-lafon","kuenstler-flor-garduno","kuenstler-gallery-fair-practice-code","kuenstler-ilona-langbroek","kuenstler-item-added-to-cart","kuenstler-jeffrey-conley","kuenstler-join-the-mailing-list","kuenstler-joost-vandebrug","kuenstler-laurence-aegerter","kuenstler-lillian-bassman","kuenstler-louis-stettner","kuenstler-manage-cookies","kuenstler-margaret-lansink","kuenstler-martin-bogren","kuenstler-mika-horie","kuenstler-mona-kuhn","kuenstler-nanda-hagenaars","kuenstler-paul-cupido","kuenstler-philipp-keel","kuenstler-pieter-henket","kuenstler-raphaelle-peria","kuenstler-recent-additions","kuenstler-reject-non-essential","kuenstler-rene-burri","kuenstler-rene-groebli","kuenstler-sandro-diener","kuenstler-save-preferences","kuenstler-send-an-email","kuenstler-simone-kappeler","kuenstler-sissi-farassat","kuenstler-skip-to-main-content","kuenstler-thirza-schaap","kuenstler-thomas-hoepker","kuenstler-werner-bischof","kuenstler-willy-spiller","galerie_stadt-zuerich","galerie_land-ch"],"acf":[],"_links":{"self":[{"href":"https:\/\/contemporary-arts.de\/index.php\/wp-json\/wp\/v2\/galerie\/47087","targetHints":{"allow":["GET"]}}],"collection":[{"href":"https:\/\/contemporary-arts.de\/index.php\/wp-json\/wp\/v2\/galerie"}],"about":[{"href":"https:\/\/contemporary-arts.de\/index.php\/wp-json\/wp\/v2\/types\/galerie"}],"author":[{"embeddable":true,"href":"https:\/\/contemporary-arts.de\/index.php\/wp-json\/wp\/v2\/users\/1"}],"wp:attachment":[{"href":"https:\/\/contemporary-arts.de\/index.php\/wp-json\/wp\/v2\/media?parent=47087"}],"wp:term":[{"taxonomy":"kuenstler","embeddable":true,"href":"https:\/\/contemporary-arts.de\/index.php\/wp-json\/wp\/v2\/kuenstler?post=47087"},{"taxonomy":"galerie_stadt","embeddable":true,"href":"https:\/\/contemporary-arts.de\/index.php\/wp-json\/wp\/v2\/galerie_stadt?post=47087"},{"taxonomy":"galerie_typ","embeddable":true,"href":"https:\/\/contemporary-arts.de\/index.php\/wp-json\/wp\/v2\/galerie_typ?post=47087"},{"taxonomy":"galerie_land","embeddable":true,"href":"https:\/\/contemporary-arts.de\/index.php\/wp-json\/wp\/v2\/galerie_land?post=47087"}],"curies":[{"name":"wp","href":"https:\/\/api.w.org\/{rel}","templated":true}]}}