{"id":47053,"date":"2026-09-06T10:51:04","date_gmt":"2026-09-06T10:51:04","guid":{"rendered":"https:\/\/contemporary-arts.de\/?post_type=galerie&#038;p=47053"},"modified":"2026-09-06T12:35:03","modified_gmt":"2026-09-06T12:35:03","slug":"online-antiquarian-and-gallery-gerhard-zaehringer","status":"publish","type":"galerie","link":"https:\/\/contemporary-arts.de\/index.php\/galerie\/online-antiquarian-and-gallery-gerhard-zaehringer\/","title":{"rendered":"Online Antiquarian and Gallery Gerhard Z\u00e4hringer"},"content":{"rendered":"<p>Gezeigt wird bei Online Antiquarian and Gallery Gerhard Z\u00e4hringer in Z\u00fcrich \u00fcberwiegend Fotografie, Editionen und Zeichnung. Gezeigt werden Arbeiten von 31 K\u00fcnstlerinnen und K\u00fcnstlern. Editionen und Druckgrafik halten dabei einen festen Platz neben den Unikaten.<\/p>\n","protected":false},"excerpt":{"rendered":"<p>Gezeigt wird bei Online Antiquarian and Gallery Gerhard Z\u00e4hringer in Z\u00fcrich \u00fcberwiegend Fotografie, Editionen und Zeichnung. Gezeigt werden Arbeiten von 31 K\u00fcnstlerinnen und K\u00fcnstlern. Editionen und Druckgrafik halten dabei einen festen Platz neben den Unikaten.<\/p>\n","protected":false},"author":1,"featured_media":0,"template":"","meta":{"_acf_changed":false,"galerie_place_id":"ChIJCwY4oamgmkcRMmG4K_p3DdM","galerie_address":"Haldenbachstrasse 2","galerie_city":"Z\u00fcrich","galerie_zip":"8006","galerie_country":"CH","galerie_latitude":"47.379748","galerie_longitude":"8.5469249","galerie_phone":"+41442523666","galerie_url":"http:\/\/www.zaehringer-zuerich.com\/","galerie_domain":"www.zaehringer-zuerich.com","galerie_rating_value":"4","galerie_rating_count":"4","galerie_galerist":"","galerie_gruendung":"","galerie_artists_url":"http:\/\/www.zaehringer-zuerich.com\/artists-books.html","galerie_about_url":"","galerie_quelle_stadt":"Z\u00fcrich","galerie_werk_typ":"editionen","galerie_online_shop":"nein","galerie_werk_signale":"","galerie_ranking_score":"0","galerie_ranking_rang":"2347","galerie_claimed_by":""},"kuenstler":[7219,7220,7226,7221,7235,7237,7222,7227,7236,7223,7215,7240,7224,7243,3814,7229,7233,7234,7231,7241,7242,1756,7239,7230,7217,7218,7225,7238,7216,7232,7228],"galerie_stadt":[1065],"galerie_typ":[],"galerie_land":[671],"class_list":["post-47053","galerie","type-galerie","status-publish","hentry","kuenstler-art-books","kuenstler-artists-books","kuenstler-burkhart-beyerle","kuenstler-childrens-books","kuenstler-christoph-meyer","kuenstler-claire-nydegger","kuenstler-facsimile-editions","kuenstler-hans-rudolf-bosshard","kuenstler-harald-naegeli","kuenstler-illustrated-books","kuenstler-international-art","kuenstler-jean-pierre-schmid","kuenstler-jules-verne","kuenstler-klaus-zylla","kuenstler-le-corbusier","kuenstler-ludwig-gebhard","kuenstler-mahirwan-mamtani","kuenstler-margaret-marquardt","kuenstler-maria-heyer-loos","kuenstler-martin-schwarz","kuenstler-martin-staufner","kuenstler-mobile-site","kuenstler-roman-scheidl","kuenstler-sandro-godel","kuenstler-shin-hanga","kuenstler-sosaku-hanga","kuenstler-special-editions","kuenstler-susanne-runge","kuenstler-swiss-art","kuenstler-werner-hornung","kuenstler-xicu-cabanyes","galerie_stadt-zuerich","galerie_land-ch"],"acf":[],"_links":{"self":[{"href":"https:\/\/contemporary-arts.de\/index.php\/wp-json\/wp\/v2\/galerie\/47053","targetHints":{"allow":["GET"]}}],"collection":[{"href":"https:\/\/contemporary-arts.de\/index.php\/wp-json\/wp\/v2\/galerie"}],"about":[{"href":"https:\/\/contemporary-arts.de\/index.php\/wp-json\/wp\/v2\/types\/galerie"}],"author":[{"embeddable":true,"href":"https:\/\/contemporary-arts.de\/index.php\/wp-json\/wp\/v2\/users\/1"}],"wp:attachment":[{"href":"https:\/\/contemporary-arts.de\/index.php\/wp-json\/wp\/v2\/media?parent=47053"}],"wp:term":[{"taxonomy":"kuenstler","embeddable":true,"href":"https:\/\/contemporary-arts.de\/index.php\/wp-json\/wp\/v2\/kuenstler?post=47053"},{"taxonomy":"galerie_stadt","embeddable":true,"href":"https:\/\/contemporary-arts.de\/index.php\/wp-json\/wp\/v2\/galerie_stadt?post=47053"},{"taxonomy":"galerie_typ","embeddable":true,"href":"https:\/\/contemporary-arts.de\/index.php\/wp-json\/wp\/v2\/galerie_typ?post=47053"},{"taxonomy":"galerie_land","embeddable":true,"href":"https:\/\/contemporary-arts.de\/index.php\/wp-json\/wp\/v2\/galerie_land?post=47053"}],"curies":[{"name":"wp","href":"https:\/\/api.w.org\/{rel}","templated":true}]}}