{"id":46811,"date":"2026-09-06T10:51:09","date_gmt":"2026-09-06T10:51:09","guid":{"rendered":"https:\/\/contemporary-arts.de\/?post_type=galerie&#038;p=46811"},"modified":"2026-09-06T12:35:11","modified_gmt":"2026-09-06T12:35:11","slug":"lito-gallery","status":"publish","type":"galerie","link":"https:\/\/contemporary-arts.de\/index.php\/galerie\/lito-gallery\/","title":{"rendered":"LITO Gallery"},"content":{"rendered":"<p>In Bregenz zeigt LITO Gallery \u00fcberwiegend Editionen. Gegr\u00fcndet 2022, geh\u00f6ren heute 28 Positionen zum Programm. Zum Gesch\u00e4ft geh\u00f6rt auch der Handel mit Arbeiten aus zweiter Hand, was den Betrieb vom reinen Ausstellungsbetrieb unterscheidet.<\/p>\n","protected":false},"excerpt":{"rendered":"<p>In Bregenz zeigt LITO Gallery \u00fcberwiegend Editionen. Gegr\u00fcndet 2022, geh\u00f6ren heute 28 Positionen zum Programm. Zum Gesch\u00e4ft geh\u00f6rt auch der Handel mit Arbeiten aus zweiter Hand, was den Betrieb vom reinen Ausstellungsbetrieb unterscheidet.<\/p>\n","protected":false},"author":1,"featured_media":0,"template":"","meta":{"_acf_changed":false,"galerie_place_id":"ChIJ_Wtf88sTm0cReaBhfC9W0Hc","galerie_address":"Bergmannstra\u00dfe 12","galerie_city":"Bregenz","galerie_zip":"6900","galerie_country":"AT","galerie_latitude":"47.5027556","galerie_longitude":"9.7489948","galerie_phone":"+436603006287","galerie_url":"http:\/\/www.lito.io\/","galerie_domain":"www.lito.io","galerie_rating_value":"5","galerie_rating_count":"4","galerie_galerist":"","galerie_gruendung":"2022","galerie_artists_url":"http:\/\/www.lito.io\/collections","galerie_about_url":"http:\/\/www.lito.io\/pages\/about","galerie_quelle_stadt":"Dornbirn","galerie_werk_typ":"beides","galerie_online_shop":"ja","galerie_werk_signale":"","galerie_ranking_score":"0","galerie_ranking_rang":"2595","galerie_claimed_by":""},"kuenstler":[1721,8049,5108,8048,8050,7437,8051,2109,8052,6137,4156,8053,8054,8055,5121,8056,8057,6117,8059,2083,1657,8058,3699,1767,3061,3681,4383,8047],"galerie_stadt":[1055],"galerie_typ":[],"galerie_land":[868],"class_list":["post-46811","galerie","type-galerie","status-publish","hentry","kuenstler-about-us","kuenstler-alexandre-arrechea","kuenstler-amoako-boafo","kuenstler-andisheh-avini","kuenstler-billie-zangewa","kuenstler-camille-henrot","kuenstler-collin-sekajugo","kuenstler-create-account","kuenstler-daniel-arsham","kuenstler-donald-sultan","kuenstler-douglas-gordon","kuenstler-erwin-wurm","kuenstler-harry-nuriev","kuenstler-he-xiangyu","kuenstler-jia-aili","kuenstler-jochen-muehlenbrink","kuenstler-kehinde-wiley","kuenstler-keiichi-tanaami","kuenstler-lito-editions","kuenstler-log-in","kuenstler-marc-quinn","kuenstler-oscar-murillo","kuenstler-peter-halley","kuenstler-privacy-policy","kuenstler-skip-to-content","kuenstler-stefan-brueggemann","kuenstler-wang-guangle","kuenstler-where-to-find-us","galerie_stadt-bregenz","galerie_land-at"],"acf":[],"_links":{"self":[{"href":"https:\/\/contemporary-arts.de\/index.php\/wp-json\/wp\/v2\/galerie\/46811","targetHints":{"allow":["GET"]}}],"collection":[{"href":"https:\/\/contemporary-arts.de\/index.php\/wp-json\/wp\/v2\/galerie"}],"about":[{"href":"https:\/\/contemporary-arts.de\/index.php\/wp-json\/wp\/v2\/types\/galerie"}],"author":[{"embeddable":true,"href":"https:\/\/contemporary-arts.de\/index.php\/wp-json\/wp\/v2\/users\/1"}],"wp:attachment":[{"href":"https:\/\/contemporary-arts.de\/index.php\/wp-json\/wp\/v2\/media?parent=46811"}],"wp:term":[{"taxonomy":"kuenstler","embeddable":true,"href":"https:\/\/contemporary-arts.de\/index.php\/wp-json\/wp\/v2\/kuenstler?post=46811"},{"taxonomy":"galerie_stadt","embeddable":true,"href":"https:\/\/contemporary-arts.de\/index.php\/wp-json\/wp\/v2\/galerie_stadt?post=46811"},{"taxonomy":"galerie_typ","embeddable":true,"href":"https:\/\/contemporary-arts.de\/index.php\/wp-json\/wp\/v2\/galerie_typ?post=46811"},{"taxonomy":"galerie_land","embeddable":true,"href":"https:\/\/contemporary-arts.de\/index.php\/wp-json\/wp\/v2\/galerie_land?post=46811"}],"curies":[{"name":"wp","href":"https:\/\/api.w.org\/{rel}","templated":true}]}}