{"id":46796,"date":"2026-09-05T17:19:44","date_gmt":"2026-09-05T17:19:44","guid":{"rendered":"https:\/\/contemporary-arts.de\/?post_type=galerie&#038;p=46796"},"modified":"2026-09-05T17:19:44","modified_gmt":"2026-09-05T17:19:44","slug":"gallery-lisi-haemmerle","status":"publish","type":"galerie","link":"https:\/\/contemporary-arts.de\/index.php\/galerie\/gallery-lisi-haemmerle\/","title":{"rendered":"GALLERY LISI H\u00c4MMERLE"},"content":{"rendered":"<p>Die Galerie Lisi H\u00e4mmerle in Bregenz f\u00fchrt ein Programm zeitgen\u00f6ssischer Positionen und dokumentiert ihre Ausstellungen l\u00fcckenlos bis 2006 zur\u00fcck. Vertreten werden \u00fcberwiegend \u00f6sterreichische und internationale K\u00fcnstler mit konzeptueller Ausrichtung. Diese Archivarbeit ist selten und macht die Entwicklung des Programms nachvollziehbar.<\/p>\n","protected":false},"excerpt":{"rendered":"<p>Die Galerie Lisi H\u00e4mmerle in Bregenz f\u00fchrt ein Programm zeitgen\u00f6ssischer Positionen und dokumentiert ihre Ausstellungen l\u00fcckenlos bis 2006 zur\u00fcck. Vertreten werden \u00fcberwiegend \u00f6sterreichische und internationale K\u00fcnstler mit konzeptueller Ausrichtung. Diese Archivarbeit ist selten und macht die Entwicklung des Programms nachvollziehbar.<\/p>\n","protected":false},"author":1,"featured_media":0,"template":"","meta":{"_acf_changed":false,"galerie_place_id":"ChIJk4ODbaESm0cR7fvdu02eijI","galerie_address":"Anton-Schneider-Stra\u00dfe 4a","galerie_city":"Bregenz","galerie_zip":"6900","galerie_country":"AT","galerie_latitude":"47.5030613","galerie_longitude":"9.7476882","galerie_phone":"+43557452452","galerie_url":"http:\/\/www.galerie-lisihaemmerle.at\/","galerie_domain":"www.galerie-lisihaemmerle.at","galerie_rating_value":"4.4","galerie_rating_count":"12","galerie_galerist":"","galerie_gruendung":"","galerie_artists_url":"https:\/\/www.galerie-lisihaemmerle.at\/artists\/","galerie_about_url":"","galerie_quelle_stadt":"Dornbirn","galerie_werk_typ":"originale","galerie_online_shop":"nein","galerie_werk_signale":"","galerie_ranking_score":"0","galerie_ranking_rang":"2580","galerie_claimed_by":""},"kuenstler":[42169,42170,8067,8068,8069,8070,8029,8071,8072,8073],"galerie_stadt":[1055],"galerie_typ":[],"galerie_land":[868],"class_list":["post-46796","galerie","type-galerie","status-publish","hentry","kuenstler-ainara-elgoibar","kuenstler-albert-allgaier","kuenstler-albert-bernard","kuenstler-albert-mayr","kuenstler-albert-weis","kuenstler-alekos-hofstetter","kuenstler-alexandra-wacker","kuenstler-amrei-wittwer","kuenstler-andreas-heller","kuenstler-anna-dot-verdaguer","galerie_stadt-bregenz","galerie_land-at"],"acf":[],"_links":{"self":[{"href":"https:\/\/contemporary-arts.de\/index.php\/wp-json\/wp\/v2\/galerie\/46796","targetHints":{"allow":["GET"]}}],"collection":[{"href":"https:\/\/contemporary-arts.de\/index.php\/wp-json\/wp\/v2\/galerie"}],"about":[{"href":"https:\/\/contemporary-arts.de\/index.php\/wp-json\/wp\/v2\/types\/galerie"}],"author":[{"embeddable":true,"href":"https:\/\/contemporary-arts.de\/index.php\/wp-json\/wp\/v2\/users\/1"}],"wp:attachment":[{"href":"https:\/\/contemporary-arts.de\/index.php\/wp-json\/wp\/v2\/media?parent=46796"}],"wp:term":[{"taxonomy":"kuenstler","embeddable":true,"href":"https:\/\/contemporary-arts.de\/index.php\/wp-json\/wp\/v2\/kuenstler?post=46796"},{"taxonomy":"galerie_stadt","embeddable":true,"href":"https:\/\/contemporary-arts.de\/index.php\/wp-json\/wp\/v2\/galerie_stadt?post=46796"},{"taxonomy":"galerie_typ","embeddable":true,"href":"https:\/\/contemporary-arts.de\/index.php\/wp-json\/wp\/v2\/galerie_typ?post=46796"},{"taxonomy":"galerie_land","embeddable":true,"href":"https:\/\/contemporary-arts.de\/index.php\/wp-json\/wp\/v2\/galerie_land?post=46796"}],"curies":[{"name":"wp","href":"https:\/\/api.w.org\/{rel}","templated":true}]}}