{"id":46665,"date":"2026-09-06T10:51:12","date_gmt":"2026-09-06T10:51:12","guid":{"rendered":"https:\/\/contemporary-arts.de\/?post_type=galerie&#038;p=46665"},"modified":"2026-09-06T12:35:11","modified_gmt":"2026-09-06T12:35:11","slug":"galerie-thomas-flora","status":"publish","type":"galerie","link":"https:\/\/contemporary-arts.de\/index.php\/galerie\/galerie-thomas-flora\/","title":{"rendered":"Galerie Thomas Flora"},"content":{"rendered":"<p>Der Schwerpunkt von Galerie Thomas Flora in Innsbruck liegt auf Druckgrafik und Editionen. Zum Programm geh\u00f6ren 15 K\u00fcnstlerinnen und K\u00fcnstler. Editionen und Druckgrafik halten dabei einen festen Platz neben den Unikaten.<\/p>\n","protected":false},"excerpt":{"rendered":"<p>Der Schwerpunkt von Galerie Thomas Flora in Innsbruck liegt auf Druckgrafik und Editionen. Zum Programm geh\u00f6ren 15 K\u00fcnstlerinnen und K\u00fcnstler. Editionen und Druckgrafik halten dabei einen festen Platz neben den Unikaten.<\/p>\n","protected":false},"author":1,"featured_media":0,"template":"","meta":{"_acf_changed":false,"galerie_place_id":"ChIJfx_7NPprnUcR25dl9QLo9u8","galerie_address":"Herzog-Friedrich-Stra\u00dfe 5","galerie_city":"Innsbruck","galerie_zip":"6020","galerie_country":"AT","galerie_latitude":"47.2685904","galerie_longitude":"11.3925304","galerie_phone":"+43512577402","galerie_url":"http:\/\/www.galerie-thomas-flora.at\/","galerie_domain":"www.galerie-thomas-flora.at","galerie_rating_value":"4.8","galerie_rating_count":"4","galerie_galerist":"","galerie_gruendung":"","galerie_artists_url":"http:\/\/www.galerie-thomas-flora.at\/kuenstler-innen","galerie_about_url":"","galerie_quelle_stadt":"Innsbruck","galerie_werk_typ":"beides","galerie_online_shop":"nein","galerie_werk_signale":"","galerie_ranking_score":"0","galerie_ranking_rang":"2704","galerie_claimed_by":""},"kuenstler":[8888,8900,8898,8890,8899,8891,8892,8896,8901,8889,8894,8835,8897,8893,8895],"galerie_stadt":[1022],"galerie_typ":[],"galerie_land":[868],"class_list":["post-46665","galerie","type-galerie","status-publish","hentry","kuenstler-alicia-sancha","kuenstler-arthur-salner","kuenstler-christine-piberhofer","kuenstler-dierk-schwender","kuenstler-elisabeth-moser","kuenstler-erhard-stoebe","kuenstler-ernst-reyer","kuenstler-franz-moelk","kuenstler-gerhild-diesner","kuenstler-kevin-coyne","kuenstler-marco-szedenik","kuenstler-michael-ziegler","kuenstler-peter-a-baer","kuenstler-ralf-bergner","kuenstler-sonja-lixl","galerie_stadt-innsbruck","galerie_land-at"],"acf":[],"_links":{"self":[{"href":"https:\/\/contemporary-arts.de\/index.php\/wp-json\/wp\/v2\/galerie\/46665","targetHints":{"allow":["GET"]}}],"collection":[{"href":"https:\/\/contemporary-arts.de\/index.php\/wp-json\/wp\/v2\/galerie"}],"about":[{"href":"https:\/\/contemporary-arts.de\/index.php\/wp-json\/wp\/v2\/types\/galerie"}],"author":[{"embeddable":true,"href":"https:\/\/contemporary-arts.de\/index.php\/wp-json\/wp\/v2\/users\/1"}],"wp:attachment":[{"href":"https:\/\/contemporary-arts.de\/index.php\/wp-json\/wp\/v2\/media?parent=46665"}],"wp:term":[{"taxonomy":"kuenstler","embeddable":true,"href":"https:\/\/contemporary-arts.de\/index.php\/wp-json\/wp\/v2\/kuenstler?post=46665"},{"taxonomy":"galerie_stadt","embeddable":true,"href":"https:\/\/contemporary-arts.de\/index.php\/wp-json\/wp\/v2\/galerie_stadt?post=46665"},{"taxonomy":"galerie_typ","embeddable":true,"href":"https:\/\/contemporary-arts.de\/index.php\/wp-json\/wp\/v2\/galerie_typ?post=46665"},{"taxonomy":"galerie_land","embeddable":true,"href":"https:\/\/contemporary-arts.de\/index.php\/wp-json\/wp\/v2\/galerie_land?post=46665"}],"curies":[{"name":"wp","href":"https:\/\/api.w.org\/{rel}","templated":true}]}}