{"id":44877,"date":"2026-09-06T10:52:25","date_gmt":"2026-09-06T10:52:25","guid":{"rendered":"https:\/\/contemporary-arts.de\/?post_type=galerie&#038;p=44877"},"modified":"2026-09-06T12:34:47","modified_gmt":"2026-09-06T12:34:47","slug":"galerie-atelier-zaiss","status":"publish","type":"galerie","link":"https:\/\/contemporary-arts.de\/index.php\/galerie\/galerie-atelier-zaiss\/","title":{"rendered":"Galerie &amp; Atelier Zai\u00df"},"content":{"rendered":"<p>Gezeigt wird bei Galerie &#038; Atelier Zai\u00df in Aalen \u00fcberwiegend Malerei, Druckgrafik und Skulptur. Gezeigt werden Arbeiten von 18 K\u00fcnstlerinnen und K\u00fcnstlern. Gearbeitet und gezeigt wird am selben Ort, der Weg zum Werk ist damit kurz.<\/p>\n","protected":false},"excerpt":{"rendered":"<p>Gezeigt wird bei Galerie &#038; Atelier Zai\u00df in Aalen \u00fcberwiegend Malerei, Druckgrafik und Skulptur. Gezeigt werden Arbeiten von 18 K\u00fcnstlerinnen und K\u00fcnstlern. Gearbeitet und gezeigt wird am selben Ort, der Weg zum Werk ist damit kurz.<\/p>\n","protected":false},"author":1,"featured_media":0,"template":"","meta":{"_acf_changed":false,"galerie_place_id":"ChIJv-6qpZobmUcRY_9wA5fUnBw","galerie_address":"Langertstra\u00dfe 44","galerie_city":"Aalen","galerie_zip":"73431","galerie_country":"DE","galerie_latitude":"48.830689","galerie_longitude":"10.0950634","galerie_phone":"+49736132990","galerie_url":"https:\/\/www.galerie-zaiss.de\/","galerie_domain":"www.galerie-zaiss.de","galerie_rating_value":"4.3","galerie_rating_count":"7","galerie_galerist":"","galerie_gruendung":"","galerie_artists_url":"https:\/\/www.galerie-zaiss.de\/weitere.php","galerie_about_url":"","galerie_quelle_stadt":"Aalen","galerie_werk_typ":"","galerie_online_shop":"","galerie_werk_signale":"","galerie_ranking_score":"0","galerie_ranking_rang":"3651","galerie_claimed_by":""},"kuenstler":[15622,15634,15632,15627,15623,15626,15624,15628,15637,15633,15631,15621,15635,15629,2054,15625,15630,15636],"galerie_stadt":[774],"galerie_typ":[],"galerie_land":[49],"class_list":["post-44877","galerie","type-galerie","status-publish","hentry","kuenstler-andreas-amrhein","kuenstler-hannelore-weitbrecht","kuenstler-hannes-muenz","kuenstler-klaus-joas","kuenstler-lisa-beyer-jatzlau","kuenstler-marc-felten","kuenstler-michel-cornu","kuenstler-norbert-klaus","kuenstler-raymond-e-waydelich","kuenstler-raymond-waydelich","kuenstler-roland-may","kuenstler-rolf-altena","kuenstler-sigi-zaiss","kuenstler-tetsuya-kuzuhara","kuenstler-weitere-kuenstler","kuenstler-werner-ewers","kuenstler-werner-lehmann","kuenstler-werner-zaiss","galerie_stadt-aalen","galerie_land-de"],"acf":[],"_links":{"self":[{"href":"https:\/\/contemporary-arts.de\/index.php\/wp-json\/wp\/v2\/galerie\/44877","targetHints":{"allow":["GET"]}}],"collection":[{"href":"https:\/\/contemporary-arts.de\/index.php\/wp-json\/wp\/v2\/galerie"}],"about":[{"href":"https:\/\/contemporary-arts.de\/index.php\/wp-json\/wp\/v2\/types\/galerie"}],"author":[{"embeddable":true,"href":"https:\/\/contemporary-arts.de\/index.php\/wp-json\/wp\/v2\/users\/1"}],"wp:attachment":[{"href":"https:\/\/contemporary-arts.de\/index.php\/wp-json\/wp\/v2\/media?parent=44877"}],"wp:term":[{"taxonomy":"kuenstler","embeddable":true,"href":"https:\/\/contemporary-arts.de\/index.php\/wp-json\/wp\/v2\/kuenstler?post=44877"},{"taxonomy":"galerie_stadt","embeddable":true,"href":"https:\/\/contemporary-arts.de\/index.php\/wp-json\/wp\/v2\/galerie_stadt?post=44877"},{"taxonomy":"galerie_typ","embeddable":true,"href":"https:\/\/contemporary-arts.de\/index.php\/wp-json\/wp\/v2\/galerie_typ?post=44877"},{"taxonomy":"galerie_land","embeddable":true,"href":"https:\/\/contemporary-arts.de\/index.php\/wp-json\/wp\/v2\/galerie_land?post=44877"}],"curies":[{"name":"wp","href":"https:\/\/api.w.org\/{rel}","templated":true}]}}