{"id":44325,"date":"2026-09-05T17:19:45","date_gmt":"2026-09-05T17:19:45","guid":{"rendered":"https:\/\/contemporary-arts.de\/?post_type=galerie&#038;p=44325"},"modified":"2026-09-05T17:19:45","modified_gmt":"2026-09-05T17:19:45","slug":"kunstverein-siegen","status":"publish","type":"galerie","link":"https:\/\/contemporary-arts.de\/index.php\/galerie\/kunstverein-siegen\/","title":{"rendered":"Kunstverein Siegen"},"content":{"rendered":"<p>Der Kunstverein Siegen wurde 1980 aus b\u00fcrgerschaftlicher Initiative als gemeinn\u00fctziger Verein gegr\u00fcndet und versteht sich als Plattform f\u00fcr internationale Gegenwartskunst. Zum Programm geh\u00f6ren Jahresgaben f\u00fcr Mitglieder. Diese Jahresgaben sind f\u00fcr Sammler oft der g\u00fcnstigste Weg zu einer Arbeit renommierter Positionen.<\/p>\n","protected":false},"excerpt":{"rendered":"<p>Der Kunstverein Siegen wurde 1980 aus b\u00fcrgerschaftlicher Initiative als gemeinn\u00fctziger Verein gegr\u00fcndet und versteht sich als Plattform f\u00fcr internationale Gegenwartskunst. Zum Programm geh\u00f6ren Jahresgaben f\u00fcr Mitglieder. Diese Jahresgaben sind f\u00fcr Sammler oft der g\u00fcnstigste Weg zu einer Arbeit renommierter Positionen.<\/p>\n","protected":false},"author":1,"featured_media":0,"template":"","meta":{"_acf_changed":false,"galerie_place_id":"ChIJWZeyoZEcvEcRmrCeGmoE09Y","galerie_address":"Kornmarkt 20","galerie_city":"Siegen","galerie_zip":"57072","galerie_country":"DE","galerie_latitude":"50.8742294","galerie_longitude":"8.0252351","galerie_phone":"+4927121624","galerie_url":"https:\/\/www.kunstverein-siegen.de\/","galerie_domain":"www.kunstverein-siegen.de","galerie_rating_value":"4.8","galerie_rating_count":"11","galerie_galerist":"","galerie_gruendung":"","galerie_artists_url":"","galerie_about_url":"","galerie_quelle_stadt":"Siegen","galerie_werk_typ":"","galerie_online_shop":"","galerie_werk_signale":"","galerie_ranking_score":"0","galerie_ranking_rang":"4193","galerie_claimed_by":""},"kuenstler":[],"galerie_stadt":[636],"galerie_typ":[],"galerie_land":[49],"class_list":["post-44325","galerie","type-galerie","status-publish","hentry","galerie_stadt-siegen","galerie_land-de"],"acf":[],"_links":{"self":[{"href":"https:\/\/contemporary-arts.de\/index.php\/wp-json\/wp\/v2\/galerie\/44325","targetHints":{"allow":["GET"]}}],"collection":[{"href":"https:\/\/contemporary-arts.de\/index.php\/wp-json\/wp\/v2\/galerie"}],"about":[{"href":"https:\/\/contemporary-arts.de\/index.php\/wp-json\/wp\/v2\/types\/galerie"}],"author":[{"embeddable":true,"href":"https:\/\/contemporary-arts.de\/index.php\/wp-json\/wp\/v2\/users\/1"}],"wp:attachment":[{"href":"https:\/\/contemporary-arts.de\/index.php\/wp-json\/wp\/v2\/media?parent=44325"}],"wp:term":[{"taxonomy":"kuenstler","embeddable":true,"href":"https:\/\/contemporary-arts.de\/index.php\/wp-json\/wp\/v2\/kuenstler?post=44325"},{"taxonomy":"galerie_stadt","embeddable":true,"href":"https:\/\/contemporary-arts.de\/index.php\/wp-json\/wp\/v2\/galerie_stadt?post=44325"},{"taxonomy":"galerie_typ","embeddable":true,"href":"https:\/\/contemporary-arts.de\/index.php\/wp-json\/wp\/v2\/galerie_typ?post=44325"},{"taxonomy":"galerie_land","embeddable":true,"href":"https:\/\/contemporary-arts.de\/index.php\/wp-json\/wp\/v2\/galerie_land?post=44325"}],"curies":[{"name":"wp","href":"https:\/\/api.w.org\/{rel}","templated":true}]}}