{"id":43790,"date":"2026-09-06T10:53:09","date_gmt":"2026-09-06T10:53:09","guid":{"rendered":"https:\/\/contemporary-arts.de\/?post_type=galerie&#038;p=43790"},"modified":"2026-09-06T12:34:27","modified_gmt":"2026-09-06T12:34:27","slug":"werkschule-werkstatt-fuer-kunst-und-kulturarbeit-e-v","status":"publish","type":"galerie","link":"https:\/\/contemporary-arts.de\/index.php\/galerie\/werkschule-werkstatt-fuer-kunst-und-kulturarbeit-e-v\/","title":{"rendered":"Werkschule &#8211; Werkstatt f\u00fcr Kunst und Kulturarbeit e.V."},"content":{"rendered":"<p>Im Programm von Werkschule &#8211; Werkstatt f\u00fcr Kunst und Kulturarbeit e.V. in Oldenburg steht vor allem Druckgrafik und Keramik. Gezeigt werden Arbeiten von 14 K\u00fcnstlerinnen und K\u00fcnstlern. Gearbeitet und gezeigt wird am selben Ort, der Weg zum Werk ist damit kurz.<\/p>\n","protected":false},"excerpt":{"rendered":"<p>Im Programm von Werkschule &#8211; Werkstatt f\u00fcr Kunst und Kulturarbeit e.V. in Oldenburg steht vor allem Druckgrafik und Keramik. Gezeigt werden Arbeiten von 14 K\u00fcnstlerinnen und K\u00fcnstlern. Gearbeitet und gezeigt wird am selben Ort, der Weg zum Werk ist damit kurz.<\/p>\n","protected":false},"author":1,"featured_media":0,"template":"","meta":{"_acf_changed":false,"galerie_place_id":"ChIJ48RckO7etkcR80bTpIJaCCM","galerie_address":"Rosenstra\u00dfe 41","galerie_city":"Oldenburg","galerie_zip":"26122","galerie_country":"DE","galerie_latitude":"53.142979","galerie_longitude":"8.2174801","galerie_phone":"+494419990840","galerie_url":"https:\/\/www.werkschule.de\/","galerie_domain":"www.werkschule.de","galerie_rating_value":"5","galerie_rating_count":"11","galerie_galerist":"","galerie_gruendung":"","galerie_artists_url":"https:\/\/www.werkschule.de\/kursprogramm\/","galerie_about_url":"https:\/\/www.werkschule.de\/ueber-uns\/","galerie_quelle_stadt":"Oldenburg","galerie_werk_typ":"unbestimmt","galerie_online_shop":"nein","galerie_werk_signale":"","galerie_ranking_score":"0","galerie_ranking_rang":"4769","galerie_claimed_by":""},"kuenstler":[7822,7823,19288,19285,19286,19291,7776,7821,10410,19287,1413,19284,19290,19289],"galerie_stadt":[528],"galerie_typ":[],"galerie_land":[49],"class_list":["post-43790","galerie","type-galerie","status-publish","hentry","kuenstler-dienste-verwalten","kuenstler-einstellungen-ansehen","kuenstler-kommen-sehen-gestalten","kuenstler-kunst-und-psychatrie","kuenstler-kunstforum-oldenburg","kuenstler-mitgliedschaften-der-werkschule-e-v","kuenstler-nach-oben","kuenstler-optionen-verwalten","kuenstler-soziale-medien","kuenstler-suche-schliessen","kuenstler-ueber-uns","kuenstler-weitere-gewerke","kuenstler-world-press-photo","kuenstler-zu-den-aktuellen-kursen","galerie_stadt-oldenburg","galerie_land-de"],"acf":[],"_links":{"self":[{"href":"https:\/\/contemporary-arts.de\/index.php\/wp-json\/wp\/v2\/galerie\/43790","targetHints":{"allow":["GET"]}}],"collection":[{"href":"https:\/\/contemporary-arts.de\/index.php\/wp-json\/wp\/v2\/galerie"}],"about":[{"href":"https:\/\/contemporary-arts.de\/index.php\/wp-json\/wp\/v2\/types\/galerie"}],"author":[{"embeddable":true,"href":"https:\/\/contemporary-arts.de\/index.php\/wp-json\/wp\/v2\/users\/1"}],"wp:attachment":[{"href":"https:\/\/contemporary-arts.de\/index.php\/wp-json\/wp\/v2\/media?parent=43790"}],"wp:term":[{"taxonomy":"kuenstler","embeddable":true,"href":"https:\/\/contemporary-arts.de\/index.php\/wp-json\/wp\/v2\/kuenstler?post=43790"},{"taxonomy":"galerie_stadt","embeddable":true,"href":"https:\/\/contemporary-arts.de\/index.php\/wp-json\/wp\/v2\/galerie_stadt?post=43790"},{"taxonomy":"galerie_typ","embeddable":true,"href":"https:\/\/contemporary-arts.de\/index.php\/wp-json\/wp\/v2\/galerie_typ?post=43790"},{"taxonomy":"galerie_land","embeddable":true,"href":"https:\/\/contemporary-arts.de\/index.php\/wp-json\/wp\/v2\/galerie_land?post=43790"}],"curies":[{"name":"wp","href":"https:\/\/api.w.org\/{rel}","templated":true}]}}