{"id":42438,"date":"2026-09-06T10:54:05","date_gmt":"2026-09-06T10:54:05","guid":{"rendered":"https:\/\/contemporary-arts.de\/?post_type=galerie&#038;p=42438"},"modified":"2026-09-06T12:34:23","modified_gmt":"2026-09-06T12:34:23","slug":"raum-fuer-zeitgenoessische-kunst-laurentiu-feller-galerie-fuer-junge-nuernberger-kunst","status":"publish","type":"galerie","link":"https:\/\/contemporary-arts.de\/index.php\/galerie\/raum-fuer-zeitgenoessische-kunst-laurentiu-feller-galerie-fuer-junge-nuernberger-kunst\/","title":{"rendered":"raum f\u00fcr zeitgen\u00f6ssische kunst . laurentiu feller &#8211; Galerie f\u00fcr Junge N\u00fcrnberger Kunst"},"content":{"rendered":"<p>Im Programm von raum f\u00fcr zeitgen\u00f6ssische kunst . laurentiu feller &#8211; Galerie f\u00fcr Junge N\u00fcrnberger Kunst in Nuremberg steht vor allem Skulptur. Das Programm umfasst 19 Positionen. Neben Messebeteiligungen bleibt der Schwerpunkt bei j\u00fcngeren Positionen, die noch nicht am Markt etabliert sind.<\/p>\n","protected":false},"excerpt":{"rendered":"<p>Im Programm von raum f\u00fcr zeitgen\u00f6ssische kunst . laurentiu feller &#8211; Galerie f\u00fcr Junge N\u00fcrnberger Kunst in Nuremberg steht vor allem Skulptur. Das Programm umfasst 19 Positionen. Neben Messebeteiligungen bleibt der Schwerpunkt bei j\u00fcngeren Positionen, die noch nicht am Markt etabliert sind.<\/p>\n","protected":false},"author":1,"featured_media":0,"template":"","meta":{"_acf_changed":false,"galerie_place_id":"ChIJs0881P9Wn0cRKqKhC_pXrlk","galerie_address":"Bergstra\u00dfe 11","galerie_city":"Nuremberg","galerie_zip":"90403","galerie_country":"DE","galerie_latitude":"49.456789","galerie_longitude":"11.075119","galerie_phone":"+491737805159","galerie_url":"http:\/\/www.rfzk-feller.de\/","galerie_domain":"www.rfzk-feller.de","galerie_rating_value":"4.9","galerie_rating_count":"15","galerie_galerist":"","galerie_gruendung":"","galerie_artists_url":"http:\/\/www.rfzk-feller.de\/kuenstler-der-galerie\/","galerie_about_url":"http:\/\/www.rfzk-feller.de\/k\u00fcnstler\/sebastian-hertrich\/","galerie_quelle_stadt":"N\u00fcrnberg","galerie_werk_typ":"unbestimmt","galerie_online_shop":"nein","galerie_werk_signale":"","galerie_ranking_score":"0","galerie_ranking_rang":"6068","galerie_claimed_by":""},"kuenstler":[22556,22545,22550,22548,22546,22551,22553,22552,22557,22560,22554,22559,22558,22555,22549,2399,22547,1413,8187],"galerie_stadt":[344],"galerie_typ":[],"galerie_land":[49],"class_list":["post-42438","galerie","type-galerie","status-publish","hentry","kuenstler-achim-weinberg","kuenstler-archiv-fruehere-jahre","kuenstler-ariane-kipp","kuenstler-caspar-hueter","kuenstler-daniel-cojocaru","kuenstler-evi-kupfer","kuenstler-felix-pensel","kuenstler-francesco-neo","kuenstler-galerie-rfzk","kuenstler-google-bewertung","kuenstler-harri-schemm","kuenstler-junge-nuernberger-kunst","kuenstler-kunstgalerie-rfzk-in-nuernberg","kuenstler-marius-vatamanu","kuenstler-michael-jampolski","kuenstler-nach-oben-scrollen","kuenstler-sebastian-hertrich","kuenstler-ueber-uns","kuenstler-vertrag-widerrufen","galerie_stadt-nuremberg","galerie_land-de"],"acf":[],"_links":{"self":[{"href":"https:\/\/contemporary-arts.de\/index.php\/wp-json\/wp\/v2\/galerie\/42438","targetHints":{"allow":["GET"]}}],"collection":[{"href":"https:\/\/contemporary-arts.de\/index.php\/wp-json\/wp\/v2\/galerie"}],"about":[{"href":"https:\/\/contemporary-arts.de\/index.php\/wp-json\/wp\/v2\/types\/galerie"}],"author":[{"embeddable":true,"href":"https:\/\/contemporary-arts.de\/index.php\/wp-json\/wp\/v2\/users\/1"}],"wp:attachment":[{"href":"https:\/\/contemporary-arts.de\/index.php\/wp-json\/wp\/v2\/media?parent=42438"}],"wp:term":[{"taxonomy":"kuenstler","embeddable":true,"href":"https:\/\/contemporary-arts.de\/index.php\/wp-json\/wp\/v2\/kuenstler?post=42438"},{"taxonomy":"galerie_stadt","embeddable":true,"href":"https:\/\/contemporary-arts.de\/index.php\/wp-json\/wp\/v2\/galerie_stadt?post=42438"},{"taxonomy":"galerie_typ","embeddable":true,"href":"https:\/\/contemporary-arts.de\/index.php\/wp-json\/wp\/v2\/galerie_typ?post=42438"},{"taxonomy":"galerie_land","embeddable":true,"href":"https:\/\/contemporary-arts.de\/index.php\/wp-json\/wp\/v2\/galerie_land?post=42438"}],"curies":[{"name":"wp","href":"https:\/\/api.w.org\/{rel}","templated":true}]}}