{"id":42054,"date":"2026-09-05T17:19:44","date_gmt":"2026-09-05T17:19:44","guid":{"rendered":"https:\/\/contemporary-arts.de\/?post_type=galerie&#038;p=42054"},"modified":"2026-09-05T17:19:44","modified_gmt":"2026-09-05T17:19:44","slug":"galerie-mit-weitblick","status":"publish","type":"galerie","link":"https:\/\/contemporary-arts.de\/index.php\/galerie\/galerie-mit-weitblick\/","title":{"rendered":"Galerie mit Weitblick"},"content":{"rendered":"<p>Die Galerie mit Weitblick in Radebeul zeigt die Malerei von Doro Kuhbandner an der Oberen Bergstra\u00dfe. Es handelt sich um ein K\u00fcnstleratelier mit eigener Pr\u00e4sentation, Arbeiten sind direkt verk\u00e4uflich. Der Vorteil liegt im unmittelbaren Kontakt zur K\u00fcnstlerin, ein kuratiertes Fremdprogramm gibt es nicht.<\/p>\n","protected":false},"excerpt":{"rendered":"<p>Die Galerie mit Weitblick in Radebeul zeigt die Malerei von Doro Kuhbandner an der Oberen Bergstra\u00dfe. Es handelt sich um ein K\u00fcnstleratelier mit eigener Pr\u00e4sentation, Arbeiten sind direkt verk\u00e4uflich. Der Vorteil liegt im unmittelbaren Kontakt zur K\u00fcnstlerin, ein kuratiertes Fremdprogramm gibt es nicht.<\/p>\n","protected":false},"author":1,"featured_media":0,"template":"","meta":{"_acf_changed":false,"galerie_place_id":"ChIJ9z83jb7RCUcR2ehu4QNbI5I","galerie_address":"Ob. Bergstra\u00dfe 13","galerie_city":"Radebeul","galerie_zip":"01445","galerie_country":"DE","galerie_latitude":"51.1133272","galerie_longitude":"13.646016","galerie_phone":"+491741471270","galerie_url":"http:\/\/www.doro-malerei.de\/","galerie_domain":"www.doro-malerei.de","galerie_rating_value":"4.7","galerie_rating_count":"11","galerie_galerist":"","galerie_gruendung":"","galerie_artists_url":"","galerie_about_url":"","galerie_quelle_stadt":"Dresden","galerie_werk_typ":"originale","galerie_online_shop":"nein","galerie_werk_signale":"","galerie_ranking_score":"0","galerie_ranking_rang":"6457","galerie_claimed_by":""},"kuenstler":[42183],"galerie_stadt":[318],"galerie_typ":[],"galerie_land":[49],"class_list":["post-42054","galerie","type-galerie","status-publish","hentry","kuenstler-doro-kuhbandner","galerie_stadt-radebeul","galerie_land-de"],"acf":[],"_links":{"self":[{"href":"https:\/\/contemporary-arts.de\/index.php\/wp-json\/wp\/v2\/galerie\/42054","targetHints":{"allow":["GET"]}}],"collection":[{"href":"https:\/\/contemporary-arts.de\/index.php\/wp-json\/wp\/v2\/galerie"}],"about":[{"href":"https:\/\/contemporary-arts.de\/index.php\/wp-json\/wp\/v2\/types\/galerie"}],"author":[{"embeddable":true,"href":"https:\/\/contemporary-arts.de\/index.php\/wp-json\/wp\/v2\/users\/1"}],"wp:attachment":[{"href":"https:\/\/contemporary-arts.de\/index.php\/wp-json\/wp\/v2\/media?parent=42054"}],"wp:term":[{"taxonomy":"kuenstler","embeddable":true,"href":"https:\/\/contemporary-arts.de\/index.php\/wp-json\/wp\/v2\/kuenstler?post=42054"},{"taxonomy":"galerie_stadt","embeddable":true,"href":"https:\/\/contemporary-arts.de\/index.php\/wp-json\/wp\/v2\/galerie_stadt?post=42054"},{"taxonomy":"galerie_typ","embeddable":true,"href":"https:\/\/contemporary-arts.de\/index.php\/wp-json\/wp\/v2\/galerie_typ?post=42054"},{"taxonomy":"galerie_land","embeddable":true,"href":"https:\/\/contemporary-arts.de\/index.php\/wp-json\/wp\/v2\/galerie_land?post=42054"}],"curies":[{"name":"wp","href":"https:\/\/api.w.org\/{rel}","templated":true}]}}