{"id":41069,"date":"2026-09-06T10:55:24","date_gmt":"2026-09-06T10:55:24","guid":{"rendered":"https:\/\/contemporary-arts.de\/?post_type=galerie&#038;p=41069"},"modified":"2026-09-06T12:37:15","modified_gmt":"2026-09-06T12:37:15","slug":"galerie-loehrl","status":"publish","type":"galerie","link":"https:\/\/contemporary-arts.de\/index.php\/galerie\/galerie-loehrl\/","title":{"rendered":"Galerie L\u00f6hrl"},"content":{"rendered":"<p>Gezeigt wird bei Galerie L\u00f6hrl in M. Gladbach \u00fcberwiegend Malerei, Fotografie und Skulptur. Gezeigt werden Arbeiten von 31 K\u00fcnstlerinnen und K\u00fcnstlern. Neben dem Programm vor Ort ist das Haus auf Kunstmessen vertreten.<\/p>\n","protected":false},"excerpt":{"rendered":"<p>Gezeigt wird bei Galerie L\u00f6hrl in M. Gladbach \u00fcberwiegend Malerei, Fotografie und Skulptur. Gezeigt werden Arbeiten von 31 K\u00fcnstlerinnen und K\u00fcnstlern. Neben dem Programm vor Ort ist das Haus auf Kunstmessen vertreten.<\/p>\n","protected":false},"author":1,"featured_media":0,"template":"","meta":{"_acf_changed":false,"galerie_place_id":"ChIJn-9dE5qsuEcRQBfdFqPEYrM","galerie_address":"Kaiserstra\u00dfe 67\/69","galerie_city":"M. Gladbach","galerie_zip":"41061","galerie_country":"DE","galerie_latitude":"51.197757","galerie_longitude":"6.4386984","galerie_phone":"+492161200762","galerie_url":"http:\/\/www.galerieloehrl.de\/","galerie_domain":"www.galerieloehrl.de","galerie_rating_value":"5","galerie_rating_count":"6","galerie_galerist":"","galerie_gruendung":"","galerie_artists_url":"http:\/\/www.galerieloehrl.de\/?location=kuenstler&amp;language=1","galerie_about_url":"http:\/\/www.galerieloehrl.de\/?location=ueber_uns&amp;language=1","galerie_quelle_stadt":"D\u00fcsseldorf","galerie_werk_typ":"","galerie_online_shop":"","galerie_werk_signale":"","galerie_ranking_score":"0","galerie_ranking_rang":"7455","galerie_claimed_by":""},"kuenstler":[25873,21500,30326,21780,8025,30330,3644,1822,30336,28898,1903,5169,30328,18413,4150,30334,30329,30335,30333,30337,30331,1906,30324,30332,30327,5882,6377,5930,30325,30338,18412],"galerie_stadt":[263],"galerie_typ":[],"galerie_land":[49],"class_list":["post-41069","galerie","type-galerie","status-publish","hentry","kuenstler-anett-stuth","kuenstler-angela-glajcar","kuenstler-christof-klute","kuenstler-dieter-nuhr","kuenstler-dirk-salz","kuenstler-fabian-chiquet","kuenstler-franz-erhard-walther","kuenstler-gerhard-richter","kuenstler-gil-shachar","kuenstler-gregor-schneider","kuenstler-heinz-mack","kuenstler-henri-cartier-bresson","kuenstler-jan-kromke","kuenstler-jochen-gerz","kuenstler-joseph-beuys","kuenstler-julia-rothmund","kuenstler-keiji-uematsu","kuenstler-linda-schwarz","kuenstler-milen-miltchev","kuenstler-niels-sievers","kuenstler-nina-k-jurk","kuenstler-otto-piene","kuenstler-paul-diestel","kuenstler-robert-lebeck","kuenstler-roman-kochanski","kuenstler-sigmar-polke","kuenstler-stephan-balkenhol","kuenstler-stephan-kaluza","kuenstler-terry-fox","kuenstler-thomas-virnich","kuenstler-ulrich-erben","galerie_stadt-m-gladbach","galerie_land-de"],"acf":[],"_links":{"self":[{"href":"https:\/\/contemporary-arts.de\/index.php\/wp-json\/wp\/v2\/galerie\/41069","targetHints":{"allow":["GET"]}}],"collection":[{"href":"https:\/\/contemporary-arts.de\/index.php\/wp-json\/wp\/v2\/galerie"}],"about":[{"href":"https:\/\/contemporary-arts.de\/index.php\/wp-json\/wp\/v2\/types\/galerie"}],"author":[{"embeddable":true,"href":"https:\/\/contemporary-arts.de\/index.php\/wp-json\/wp\/v2\/users\/1"}],"wp:attachment":[{"href":"https:\/\/contemporary-arts.de\/index.php\/wp-json\/wp\/v2\/media?parent=41069"}],"wp:term":[{"taxonomy":"kuenstler","embeddable":true,"href":"https:\/\/contemporary-arts.de\/index.php\/wp-json\/wp\/v2\/kuenstler?post=41069"},{"taxonomy":"galerie_stadt","embeddable":true,"href":"https:\/\/contemporary-arts.de\/index.php\/wp-json\/wp\/v2\/galerie_stadt?post=41069"},{"taxonomy":"galerie_typ","embeddable":true,"href":"https:\/\/contemporary-arts.de\/index.php\/wp-json\/wp\/v2\/galerie_typ?post=41069"},{"taxonomy":"galerie_land","embeddable":true,"href":"https:\/\/contemporary-arts.de\/index.php\/wp-json\/wp\/v2\/galerie_land?post=41069"}],"curies":[{"name":"wp","href":"https:\/\/api.w.org\/{rel}","templated":true}]}}