{"id":40541,"date":"2026-09-06T10:55:45","date_gmt":"2026-09-06T10:55:45","guid":{"rendered":"https:\/\/contemporary-arts.de\/?post_type=galerie&#038;p=40541"},"modified":"2026-09-06T12:34:23","modified_gmt":"2026-09-06T12:34:23","slug":"galerie-heike-strelow","status":"publish","type":"galerie","link":"https:\/\/contemporary-arts.de\/index.php\/galerie\/galerie-heike-strelow\/","title":{"rendered":"Galerie Heike Strelow"},"content":{"rendered":"<p>Gezeigt wird bei Galerie Heike Strelow in Frankfurt am Main \u00fcberwiegend Editionen. Bestehend seit 2007, umfasst das Programm inzwischen 92 K\u00fcnstlerinnen und K\u00fcnstler. Der Blick geht dabei eher auf j\u00fcngere Positionen als auf etablierte Namen.<\/p>\n","protected":false},"excerpt":{"rendered":"<p>Gezeigt wird bei Galerie Heike Strelow in Frankfurt am Main \u00fcberwiegend Editionen. Bestehend seit 2007, umfasst das Programm inzwischen 92 K\u00fcnstlerinnen und K\u00fcnstler. Der Blick geht dabei eher auf j\u00fcngere Positionen als auf etablierte Namen.<\/p>\n","protected":false},"author":1,"featured_media":0,"template":"","meta":{"_acf_changed":false,"galerie_place_id":"ChIJs46D6IcOvUcRFdtiltg9O_I","galerie_address":"Lange Str. 31","galerie_city":"Frankfurt am Main","galerie_zip":"60311","galerie_country":"DE","galerie_latitude":"50.11246","galerie_longitude":"8.69254","galerie_phone":"+496948005440","galerie_url":"http:\/\/www.galerieheikestrelow.de\/","galerie_domain":"www.galerieheikestrelow.de","galerie_rating_value":"4.9","galerie_rating_count":"14","galerie_galerist":"","galerie_gruendung":"2007","galerie_artists_url":"https:\/\/www.galerieheikestrelow.de\/kuenstler","galerie_about_url":"https:\/\/www.galerieheikestrelow.de\/about","galerie_quelle_stadt":"Frankfurt am Main","galerie_werk_typ":"","galerie_online_shop":"","galerie_werk_signale":"","galerie_ranking_score":"0","galerie_ranking_rang":"7949","galerie_claimed_by":""},"kuenstler":[32406,32418,32379,32364,32385,32353,32416,32367,32389,32398,32354,32362,32370,32206,32394,32396,32400,32372,32376,8090,16866,32387,19781,32392,32378,32410,32383,7765,32369,32351,32371,32375,32414,7895,32355,12305,32404,13720,32366,32365,32118,32356,32357,19814,24954,32384,24925,32374,32363,31869,32377,32413,32393,32360,32381,32399,23407,32388,32395,32358,32420,32382,6580,32402,32409,32350,32368,32397,32415,18521,32412,32401,32411,32408,32417,18469,1767,32380,32391,32359,32419,32405,13718,32352,32390,32373,32361,32407,32403,32386],"galerie_stadt":[156],"galerie_typ":[],"galerie_land":[49],"class_list":["post-40541","galerie","type-galerie","status-publish","hentry","kuenstler-alabaster-blue","kuenstler-alcove-paintings","kuenstler-alejandro-monge","kuenstler-alyona-volkova","kuenstler-ana-devora","kuenstler-artjom-chepovetskyy","kuenstler-as-easy-as","kuenstler-associated-artists","kuenstler-astrid-korntheuer","kuenstler-beyond-white","kuenstler-bjoern-drenkwitz","kuenstler-chrysanne-stathacos","kuenstler-claudia-barthoi","kuenstler-corinna-mayer","kuenstler-dana-sherwood","kuenstler-daniela-wesenberg","kuenstler-das-weibliche","kuenstler-dieter-buchhart","kuenstler-dimitri-horta","kuenstler-dirk-krecker","kuenstler-eberhard-ross","kuenstler-ela-fidalgo","kuenstler-elisabeth-sonneck","kuenstler-emilia-neumann","kuenstler-eric-mangen","kuenstler-essential-reduction","kuenstler-exhibited-artist","kuenstler-exhibited-artists","kuenstler-fausto-amundarain","kuenstler-felix-becker","kuenstler-fides-becker","kuenstler-florian-haas","kuenstler-forever-and-sunsmell","kuenstler-george-steinmann","kuenstler-goekhan-erdogan","kuenstler-haleh-redjaian","kuenstler-harter-durchlass","kuenstler-helen-von-burg","kuenstler-hendrik-zimmer","kuenstler-herbert-warmuth","kuenstler-il-jin-atem-choi","kuenstler-irene-grau","kuenstler-irene-hardjanegara","kuenstler-isabelle-borges","kuenstler-jachym-fleig","kuenstler-jennifer-bannert","kuenstler-john-stark","kuenstler-jonny-green","kuenstler-jose-vivenes","kuenstler-katharina-hinsberg","kuenstler-ksenija-jovisevic","kuenstler-la-luz-de-venezuela","kuenstler-lara-padilla","kuenstler-leonie-mertes","kuenstler-leslie-smith-iii","kuenstler-less-matter-more-waves","kuenstler-lisa-tiemann","kuenstler-marc-goroncy","kuenstler-martin-stoya","kuenstler-mathias-kessler","kuenstler-mimetische-landschaften","kuenstler-minh-dung-vu","kuenstler-monika-brandmeier","kuenstler-monochromatic-mud-snuffers","kuenstler-morgen-und-felder","kuenstler-nadja-adelmann","kuenstler-nicole-ahland","kuenstler-normal-painting","kuenstler-on-what-is-left","kuenstler-oskar-holweck","kuenstler-painting-after-painting-ii","kuenstler-painting-after-painting-iii","kuenstler-paper-selections","kuenstler-paradise-in-transition","kuenstler-paraiso-perdido","kuenstler-peer-boehm","kuenstler-privacy-policy","kuenstler-rafael-rangel","kuenstler-raquel-maulwurf","kuenstler-rolf-kissel","kuenstler-run-to-me","kuenstler-sensing-nature","kuenstler-simone-thiele","kuenstler-starsky-brines","kuenstler-suwon-lee","kuenstler-tom-butler","kuenstler-ulf-puder","kuenstler-verbergen-der-kunst","kuenstler-walk-the-line","kuenstler-zavier-ellis","galerie_stadt-frankfurt-am-main","galerie_land-de"],"acf":[],"_links":{"self":[{"href":"https:\/\/contemporary-arts.de\/index.php\/wp-json\/wp\/v2\/galerie\/40541","targetHints":{"allow":["GET"]}}],"collection":[{"href":"https:\/\/contemporary-arts.de\/index.php\/wp-json\/wp\/v2\/galerie"}],"about":[{"href":"https:\/\/contemporary-arts.de\/index.php\/wp-json\/wp\/v2\/types\/galerie"}],"author":[{"embeddable":true,"href":"https:\/\/contemporary-arts.de\/index.php\/wp-json\/wp\/v2\/users\/1"}],"wp:attachment":[{"href":"https:\/\/contemporary-arts.de\/index.php\/wp-json\/wp\/v2\/media?parent=40541"}],"wp:term":[{"taxonomy":"kuenstler","embeddable":true,"href":"https:\/\/contemporary-arts.de\/index.php\/wp-json\/wp\/v2\/kuenstler?post=40541"},{"taxonomy":"galerie_stadt","embeddable":true,"href":"https:\/\/contemporary-arts.de\/index.php\/wp-json\/wp\/v2\/galerie_stadt?post=40541"},{"taxonomy":"galerie_typ","embeddable":true,"href":"https:\/\/contemporary-arts.de\/index.php\/wp-json\/wp\/v2\/galerie_typ?post=40541"},{"taxonomy":"galerie_land","embeddable":true,"href":"https:\/\/contemporary-arts.de\/index.php\/wp-json\/wp\/v2\/galerie_land?post=40541"}],"curies":[{"name":"wp","href":"https:\/\/api.w.org\/{rel}","templated":true}]}}