{"id":40419,"date":"2026-09-06T10:55:59","date_gmt":"2026-09-06T10:55:59","guid":{"rendered":"https:\/\/contemporary-arts.de\/?post_type=galerie&#038;p=40419"},"modified":"2026-09-06T12:35:03","modified_gmt":"2026-09-06T12:35:03","slug":"galerie-monica-ruppert","status":"publish","type":"galerie","link":"https:\/\/contemporary-arts.de\/index.php\/galerie\/galerie-monica-ruppert\/","title":{"rendered":"Galerie Monica Ruppert"},"content":{"rendered":"<p>In Frankfurt am Main zeigt Galerie Monica Ruppert \u00fcberwiegend Malerei, Fotografie und Editionen. Vertreten werden 30 K\u00fcnstlerinnen und K\u00fcnstler. Neben Messebeteiligungen bleibt der Schwerpunkt bei j\u00fcngeren Positionen, die noch nicht am Markt etabliert sind.<\/p>\n","protected":false},"excerpt":{"rendered":"<p>In Frankfurt am Main zeigt Galerie Monica Ruppert \u00fcberwiegend Malerei, Fotografie und Editionen. Vertreten werden 30 K\u00fcnstlerinnen und K\u00fcnstler. Neben Messebeteiligungen bleibt der Schwerpunkt bei j\u00fcngeren Positionen, die noch nicht am Markt etabliert sind.<\/p>\n","protected":false},"author":1,"featured_media":0,"template":"","meta":{"_acf_changed":false,"galerie_place_id":"ChIJHa6wuQMPvUcRGSecl10sJJg","galerie_address":"Bleichstra\u00dfe 48","galerie_city":"Frankfurt am Main","galerie_zip":"60313","galerie_country":"DE","galerie_latitude":"50.1178546","galerie_longitude":"8.682847","galerie_phone":"+496921932988","galerie_url":"http:\/\/www.galeriemonicaruppert.de\/","galerie_domain":"www.galeriemonicaruppert.de","galerie_rating_value":"5","galerie_rating_count":"4","galerie_galerist":"","galerie_gruendung":"","galerie_artists_url":"http:\/\/www.galeriemonicaruppert.de\/artists","galerie_about_url":"http:\/\/www.galeriemonicaruppert.de\/aboutthegallery","galerie_quelle_stadt":"Frankfurt am Main","galerie_werk_typ":"","galerie_online_shop":"","galerie_werk_signale":"","galerie_ranking_score":"0","galerie_ranking_rang":"8133","galerie_claimed_by":""},"kuenstler":[5132,6527,33020,29418,33034,33023,33036,33035,33037,33033,33027,30736,33028,30030,33021,21403,21488,17757,33030,8135,10366,33031,33025,33022,33024,33032,33026,15466,33029,2060],"galerie_stadt":[156],"galerie_typ":[],"galerie_land":[49],"class_list":["post-40419","galerie","type-galerie","status-publish","hentry","kuenstler-about-the-gallery","kuenstler-alex-baer","kuenstler-ariele-bacchetti","kuenstler-arvid-boecker","kuenstler-attilio-tono","kuenstler-dajana-krueger","kuenstler-dennis-ulbrich","kuenstler-dimitris-tzamouranis","kuenstler-fabian-weinecke","kuenstler-gabi-streile","kuenstler-jakob-roepke","kuenstler-johanna-mangold","kuenstler-johanna-marie-schimming","kuenstler-lara-kaiser","kuenstler-luba-bakicova","kuenstler-lucia-mattes","kuenstler-marco-vedana","kuenstler-margret-eicher","kuenstler-maria-seitz","kuenstler-markus-f-strieder","kuenstler-markus-huemer","kuenstler-maximilian-siegenbruk","kuenstler-nina-kozelj","kuenstler-rebekka-brunke","kuenstler-sandra-koestler","kuenstler-sarah-strassmann","kuenstler-stephanie-pech","kuenstler-susanne-zuehlke","kuenstler-werner-schmidt","kuenstler-zum-inhalt-springen","galerie_stadt-frankfurt-am-main","galerie_land-de"],"acf":[],"_links":{"self":[{"href":"https:\/\/contemporary-arts.de\/index.php\/wp-json\/wp\/v2\/galerie\/40419","targetHints":{"allow":["GET"]}}],"collection":[{"href":"https:\/\/contemporary-arts.de\/index.php\/wp-json\/wp\/v2\/galerie"}],"about":[{"href":"https:\/\/contemporary-arts.de\/index.php\/wp-json\/wp\/v2\/types\/galerie"}],"author":[{"embeddable":true,"href":"https:\/\/contemporary-arts.de\/index.php\/wp-json\/wp\/v2\/users\/1"}],"wp:attachment":[{"href":"https:\/\/contemporary-arts.de\/index.php\/wp-json\/wp\/v2\/media?parent=40419"}],"wp:term":[{"taxonomy":"kuenstler","embeddable":true,"href":"https:\/\/contemporary-arts.de\/index.php\/wp-json\/wp\/v2\/kuenstler?post=40419"},{"taxonomy":"galerie_stadt","embeddable":true,"href":"https:\/\/contemporary-arts.de\/index.php\/wp-json\/wp\/v2\/galerie_stadt?post=40419"},{"taxonomy":"galerie_typ","embeddable":true,"href":"https:\/\/contemporary-arts.de\/index.php\/wp-json\/wp\/v2\/galerie_typ?post=40419"},{"taxonomy":"galerie_land","embeddable":true,"href":"https:\/\/contemporary-arts.de\/index.php\/wp-json\/wp\/v2\/galerie_land?post=40419"}],"curies":[{"name":"wp","href":"https:\/\/api.w.org\/{rel}","templated":true}]}}