{"id":40043,"date":"2026-09-06T10:56:19","date_gmt":"2026-09-06T10:56:19","guid":{"rendered":"https:\/\/contemporary-arts.de\/?post_type=galerie&#038;p=40043"},"modified":"2026-09-06T12:37:37","modified_gmt":"2026-09-06T12:37:37","slug":"galerie-alex-serra","status":"publish","type":"galerie","link":"https:\/\/contemporary-arts.de\/index.php\/galerie\/galerie-alex-serra\/","title":{"rendered":"Galerie Alex Serra"},"content":{"rendered":"<p>In K\u00f6ln zeigt Galerie Alex Serra \u00fcberwiegend Fotografie und Installation. Zum Programm geh\u00f6ren 21 K\u00fcnstlerinnen und K\u00fcnstler. Neben Messebeteiligungen bleibt der Schwerpunkt bei j\u00fcngeren Positionen, die noch nicht am Markt etabliert sind.<\/p>\n","protected":false},"excerpt":{"rendered":"<p>In K\u00f6ln zeigt Galerie Alex Serra \u00fcberwiegend Fotografie und Installation. Zum Programm geh\u00f6ren 21 K\u00fcnstlerinnen und K\u00fcnstler. Neben Messebeteiligungen bleibt der Schwerpunkt bei j\u00fcngeren Positionen, die noch nicht am Markt etabliert sind.<\/p>\n","protected":false},"author":1,"featured_media":0,"template":"","meta":{"_acf_changed":false,"galerie_place_id":"ChIJjewQZiUlv0cRz2dM4IhRc7g","galerie_address":"Niehler Str. 104","galerie_city":"","galerie_zip":"50733","galerie_country":"DE","galerie_latitude":"50.9647176","galerie_longitude":"6.9589602","galerie_phone":"+4915201055812","galerie_url":"http:\/\/www.galeriealexserra.com\/","galerie_domain":"www.galeriealexserra.com","galerie_rating_value":"5","galerie_rating_count":"3","galerie_galerist":"","galerie_gruendung":"","galerie_artists_url":"https:\/\/www.galeriealexserra.com\/artists","galerie_about_url":"https:\/\/www.galeriealexserra.com\/about-us","galerie_quelle_stadt":"K\u00f6ln","galerie_werk_typ":"","galerie_online_shop":"","galerie_werk_signale":"","galerie_ranking_score":"0","galerie_ranking_rang":"8472","galerie_claimed_by":""},"kuenstler":[1721,33848,33849],"galerie_stadt":[131],"galerie_typ":[],"galerie_land":[49],"class_list":["post-40043","galerie","type-galerie","status-publish","hentry","kuenstler-about-us","kuenstler-adriana-molder","kuenstler-ana-carolina-rodrigues","galerie_stadt-koeln","galerie_land-de"],"acf":[],"_links":{"self":[{"href":"https:\/\/contemporary-arts.de\/index.php\/wp-json\/wp\/v2\/galerie\/40043","targetHints":{"allow":["GET"]}}],"collection":[{"href":"https:\/\/contemporary-arts.de\/index.php\/wp-json\/wp\/v2\/galerie"}],"about":[{"href":"https:\/\/contemporary-arts.de\/index.php\/wp-json\/wp\/v2\/types\/galerie"}],"author":[{"embeddable":true,"href":"https:\/\/contemporary-arts.de\/index.php\/wp-json\/wp\/v2\/users\/1"}],"wp:attachment":[{"href":"https:\/\/contemporary-arts.de\/index.php\/wp-json\/wp\/v2\/media?parent=40043"}],"wp:term":[{"taxonomy":"kuenstler","embeddable":true,"href":"https:\/\/contemporary-arts.de\/index.php\/wp-json\/wp\/v2\/kuenstler?post=40043"},{"taxonomy":"galerie_stadt","embeddable":true,"href":"https:\/\/contemporary-arts.de\/index.php\/wp-json\/wp\/v2\/galerie_stadt?post=40043"},{"taxonomy":"galerie_typ","embeddable":true,"href":"https:\/\/contemporary-arts.de\/index.php\/wp-json\/wp\/v2\/galerie_typ?post=40043"},{"taxonomy":"galerie_land","embeddable":true,"href":"https:\/\/contemporary-arts.de\/index.php\/wp-json\/wp\/v2\/galerie_land?post=40043"}],"curies":[{"name":"wp","href":"https:\/\/api.w.org\/{rel}","templated":true}]}}