{"id":39837,"date":"2026-09-06T10:56:26","date_gmt":"2026-09-06T10:56:26","guid":{"rendered":"https:\/\/contemporary-arts.de\/?post_type=galerie&#038;p=39837"},"modified":"2026-09-06T12:34:38","modified_gmt":"2026-09-06T12:34:38","slug":"galerie-renate-bender","status":"publish","type":"galerie","link":"https:\/\/contemporary-arts.de\/index.php\/galerie\/galerie-renate-bender\/","title":{"rendered":"Galerie Renate Bender"},"content":{"rendered":"<p>Gezeigt wird bei Galerie Renate Bender in Munich \u00fcberwiegend Malerei und Fotografie. Gezeigt werden Arbeiten von 47 K\u00fcnstlerinnen und K\u00fcnstlern. Als Verein wird nicht verkauft, sondern vermittelt, was das Programm freier macht als im Galeriebetrieb.<\/p>\n","protected":false},"excerpt":{"rendered":"<p>Gezeigt wird bei Galerie Renate Bender in Munich \u00fcberwiegend Malerei und Fotografie. Gezeigt werden Arbeiten von 47 K\u00fcnstlerinnen und K\u00fcnstlern. Als Verein wird nicht verkauft, sondern vermittelt, was das Programm freier macht als im Galeriebetrieb.<\/p>\n","protected":false},"author":1,"featured_media":0,"template":"","meta":{"_acf_changed":false,"galerie_place_id":"ChIJoTB37-11nkcRN-OM078Ng04","galerie_address":"T\u00fcrkenstra\u00dfe 11","galerie_city":"Munich","galerie_zip":"80333","galerie_country":"DE","galerie_latitude":"48.1458305","galerie_longitude":"11.5727974","galerie_phone":"+498930728107","galerie_url":"http:\/\/www.galerie-bender.de\/","galerie_domain":"www.galerie-bender.de","galerie_rating_value":"5","galerie_rating_count":"9","galerie_galerist":"","galerie_gruendung":"","galerie_artists_url":"http:\/\/www.galerie-bender.de\/artists\/","galerie_about_url":"https:\/\/www.galerie-bender.de\/de\/ueber-uns\/","galerie_quelle_stadt":"M\u00fcnchen","galerie_werk_typ":"","galerie_online_shop":"","galerie_werk_signale":"","galerie_ranking_score":"0","galerie_ranking_rang":"8645","galerie_claimed_by":""},"kuenstler":[21499,4033,16655,12369,12616,10716,18047,33980,1439,1413,33979],"galerie_stadt":[88],"galerie_typ":[],"galerie_land":[49],"class_list":["post-39837","galerie","type-galerie","status-publish","hentry","kuenstler-alfonso-fratteggiani-bianchi","kuenstler-alfred-haberpointner","kuenstler-ewerdt-hilgemann","kuenstler-hellmut-bruch","kuenstler-helmut-dirnaichner","kuenstler-inge-dick","kuenstler-nicholas-bodde","kuenstler-raphael-grotthuss","kuenstler-till-augustin","kuenstler-ueber-uns","kuenstler-unser-instagram-feed","galerie_stadt-munich","galerie_land-de"],"acf":[],"_links":{"self":[{"href":"https:\/\/contemporary-arts.de\/index.php\/wp-json\/wp\/v2\/galerie\/39837","targetHints":{"allow":["GET"]}}],"collection":[{"href":"https:\/\/contemporary-arts.de\/index.php\/wp-json\/wp\/v2\/galerie"}],"about":[{"href":"https:\/\/contemporary-arts.de\/index.php\/wp-json\/wp\/v2\/types\/galerie"}],"author":[{"embeddable":true,"href":"https:\/\/contemporary-arts.de\/index.php\/wp-json\/wp\/v2\/users\/1"}],"wp:attachment":[{"href":"https:\/\/contemporary-arts.de\/index.php\/wp-json\/wp\/v2\/media?parent=39837"}],"wp:term":[{"taxonomy":"kuenstler","embeddable":true,"href":"https:\/\/contemporary-arts.de\/index.php\/wp-json\/wp\/v2\/kuenstler?post=39837"},{"taxonomy":"galerie_stadt","embeddable":true,"href":"https:\/\/contemporary-arts.de\/index.php\/wp-json\/wp\/v2\/galerie_stadt?post=39837"},{"taxonomy":"galerie_typ","embeddable":true,"href":"https:\/\/contemporary-arts.de\/index.php\/wp-json\/wp\/v2\/galerie_typ?post=39837"},{"taxonomy":"galerie_land","embeddable":true,"href":"https:\/\/contemporary-arts.de\/index.php\/wp-json\/wp\/v2\/galerie_land?post=39837"}],"curies":[{"name":"wp","href":"https:\/\/api.w.org\/{rel}","templated":true}]}}