{"id":39538,"date":"2026-09-06T10:56:40","date_gmt":"2026-09-06T10:56:40","guid":{"rendered":"https:\/\/contemporary-arts.de\/?post_type=galerie&#038;p=39538"},"modified":"2026-09-06T12:37:15","modified_gmt":"2026-09-06T12:37:15","slug":"galerie-gemaelde-gabelsberg","status":"publish","type":"galerie","link":"https:\/\/contemporary-arts.de\/index.php\/galerie\/galerie-gemaelde-gabelsberg\/","title":{"rendered":"Galerie Gem\u00e4lde Gabelsberg"},"content":{"rendered":"<p>Galerie Gem\u00e4lde Gabelsberg arbeitet in Munich mit Positionen aus Malerei. Vertreten werden 77 K\u00fcnstlerinnen und K\u00fcnstler. Zum Gesch\u00e4ft geh\u00f6rt auch der Handel mit Arbeiten aus zweiter Hand, was den Betrieb vom reinen Ausstellungsbetrieb unterscheidet.<\/p>\n","protected":false},"excerpt":{"rendered":"<p>Galerie Gem\u00e4lde Gabelsberg arbeitet in Munich mit Positionen aus Malerei. Vertreten werden 77 K\u00fcnstlerinnen und K\u00fcnstler. Zum Gesch\u00e4ft geh\u00f6rt auch der Handel mit Arbeiten aus zweiter Hand, was den Betrieb vom reinen Ausstellungsbetrieb unterscheidet.<\/p>\n","protected":false},"author":1,"featured_media":0,"template":"","meta":{"_acf_changed":false,"galerie_place_id":"ChIJy5iog-91nkcRZO9KfxxHurQ","galerie_address":"Gabelsbergerstra\u00dfe 19","galerie_city":"Munich","galerie_zip":"80333","galerie_country":"DE","galerie_latitude":"48.146498","galerie_longitude":"11.5714958","galerie_phone":"+431719265189","galerie_url":"https:\/\/www.galerie-gabelsberg.de\/","galerie_domain":"www.galerie-gabelsberg.de","galerie_rating_value":"5","galerie_rating_count":"6","galerie_galerist":"","galerie_gruendung":"","galerie_artists_url":"https:\/\/www.galerie-gabelsberg.de\/die-kuenstler\/","galerie_about_url":"","galerie_quelle_stadt":"M\u00fcnchen","galerie_werk_typ":"originale","galerie_online_shop":"nein","galerie_werk_signale":"","galerie_ranking_score":"0","galerie_ranking_rang":"9019","galerie_claimed_by":""},"kuenstler":[34435,34448,34472,34453,34458,25141,1677,34434,34454,34478,34450,20942,34459,2309,34474,34482,8033,6042,34429,34480,34437,34469,25224,34460,25068,34462,34445,25242,20088,12113,28089,34466,34433,34442,34447,34479,26796,34438,25127,34443,9655,34476,34477,34463,34470,34440,34455,34449,34461,34473,34432,34431,34439,34457,34471,28176,34430,2217,34481,34441,1906,34465,20424,34452,34444,27421,28130,34446,29722,34468,34436,34464,34456,34467,34483,34475,34451],"galerie_stadt":[88],"galerie_typ":[],"galerie_land":[49],"class_list":["post-39538","galerie","type-galerie","status-publish","hentry","kuenstler-adolf-eberle","kuenstler-adolf-lier","kuenstler-adolf-stademann","kuenstler-adolf-van-der-venne","kuenstler-albert-mueller-lingke","kuenstler-alexander-koester","kuenstler-andy-warhol","kuenstler-anton-doll","kuenstler-anton-seitz","kuenstler-anton-zwengauer","kuenstler-antonio-montemezzo","kuenstler-bruno-krauskopf","kuenstler-bruno-moras","kuenstler-carl-ebert","kuenstler-desire-thomassin","kuenstler-detlef-nitschke","kuenstler-die-galerie","kuenstler-die-kuenstler","kuenstler-die-kuenstler-julius-adam","kuenstler-eduard-schleich-der-aeltere","kuenstler-eduard-von-gruetzner","kuenstler-emil-gottlieb-schuback","kuenstler-emil-rau","kuenstler-emma-von-mueller","kuenstler-erich-erler","kuenstler-ernst-adolf-meissner","kuenstler-erwin-kettemann","kuenstler-felix-schlesinger","kuenstler-franz-graessel","kuenstler-franz-von-defregger","kuenstler-friedrich-voltz","kuenstler-hanno-rhomberg","kuenstler-heinrich-buerkel","kuenstler-heinrich-hoefer","kuenstler-heinrich-lang","kuenstler-heinrich-von-zuegel","kuenstler-hermann-hartwich","kuenstler-horst-hacker","kuenstler-hubert-kaplan","kuenstler-hugo-kauffmann","kuenstler-inhalt-entsperren","kuenstler-joseph-wenglein","kuenstler-joseph-wopfner","kuenstler-julius-noerr","kuenstler-julius-scheurer","kuenstler-karl-adam-heinisch","kuenstler-karl-kaufmann","kuenstler-karl-lieske","kuenstler-karl-millner","kuenstler-karl-stuhlmueller","kuenstler-karl-von-bergen","kuenstler-louis-braun","kuenstler-ludwig-hartmann","kuenstler-ludwig-mueller-cornelius","kuenstler-ludwig-sckell","kuenstler-ludwig-willroider","kuenstler-max-arenz","kuenstler-mehr-informationen","kuenstler-otto-gebler","kuenstler-otto-hellmeier","kuenstler-otto-piene","kuenstler-otto-piltz","kuenstler-otto-pippel","kuenstler-otto-struetzel","kuenstler-paul-keller-reutlingen","kuenstler-paul-mueller","kuenstler-paul-weber","kuenstler-peter-kraemer","kuenstler-philipp-roth","kuenstler-robert-schleich","kuenstler-rudolf-epp","kuenstler-rudolf-nissl","kuenstler-walther-witting","kuenstler-wilhelm-roegge-d-j","kuenstler-wilhelm-schuetze","kuenstler-wilhelm-velten","kuenstler-willy-moralt","galerie_stadt-munich","galerie_land-de"],"acf":[],"_links":{"self":[{"href":"https:\/\/contemporary-arts.de\/index.php\/wp-json\/wp\/v2\/galerie\/39538","targetHints":{"allow":["GET"]}}],"collection":[{"href":"https:\/\/contemporary-arts.de\/index.php\/wp-json\/wp\/v2\/galerie"}],"about":[{"href":"https:\/\/contemporary-arts.de\/index.php\/wp-json\/wp\/v2\/types\/galerie"}],"author":[{"embeddable":true,"href":"https:\/\/contemporary-arts.de\/index.php\/wp-json\/wp\/v2\/users\/1"}],"wp:attachment":[{"href":"https:\/\/contemporary-arts.de\/index.php\/wp-json\/wp\/v2\/media?parent=39538"}],"wp:term":[{"taxonomy":"kuenstler","embeddable":true,"href":"https:\/\/contemporary-arts.de\/index.php\/wp-json\/wp\/v2\/kuenstler?post=39538"},{"taxonomy":"galerie_stadt","embeddable":true,"href":"https:\/\/contemporary-arts.de\/index.php\/wp-json\/wp\/v2\/galerie_stadt?post=39538"},{"taxonomy":"galerie_typ","embeddable":true,"href":"https:\/\/contemporary-arts.de\/index.php\/wp-json\/wp\/v2\/galerie_typ?post=39538"},{"taxonomy":"galerie_land","embeddable":true,"href":"https:\/\/contemporary-arts.de\/index.php\/wp-json\/wp\/v2\/galerie_land?post=39538"}],"curies":[{"name":"wp","href":"https:\/\/api.w.org\/{rel}","templated":true}]}}