{"id":39098,"date":"2026-09-06T10:57:00","date_gmt":"2026-09-06T10:57:00","guid":{"rendered":"https:\/\/contemporary-arts.de\/?post_type=galerie&#038;p=39098"},"modified":"2026-09-06T12:34:34","modified_gmt":"2026-09-06T12:34:34","slug":"galerie-vera-munro","status":"publish","type":"galerie","link":"https:\/\/contemporary-arts.de\/index.php\/galerie\/galerie-vera-munro\/","title":{"rendered":"Galerie Vera Munro"},"content":{"rendered":"<p>Galerie Vera Munro arbeitet in Hamburg mit Positionen aus Fotografie und Installation. Zum Programm geh\u00f6ren 13 K\u00fcnstlerinnen und K\u00fcnstler. Der Blick geht dabei eher auf j\u00fcngere Positionen als auf etablierte Namen.<\/p>\n","protected":false},"excerpt":{"rendered":"<p>Galerie Vera Munro arbeitet in Hamburg mit Positionen aus Fotografie und Installation. Zum Programm geh\u00f6ren 13 K\u00fcnstlerinnen und K\u00fcnstler. Der Blick geht dabei eher auf j\u00fcngere Positionen als auf etablierte Namen.<\/p>\n","protected":false},"author":1,"featured_media":0,"template":"","meta":{"_acf_changed":false,"galerie_place_id":"ChIJUbMWes6IsUcRo1FC9VBgLdM","galerie_address":"Heilwigstra\u00dfe 64","galerie_city":"","galerie_zip":"20249","galerie_country":"DE","galerie_latitude":"53.5857636","galerie_longitude":"9.995041","galerie_phone":"+4940474746","galerie_url":"http:\/\/veramunro.com\/","galerie_domain":"veramunro.com","galerie_rating_value":"4.1","galerie_rating_count":"11","galerie_galerist":"","galerie_gruendung":"","galerie_artists_url":"https:\/\/veramunro.com\/artists\/","galerie_about_url":"https:\/\/veramunro.com\/about\/","galerie_quelle_stadt":"Hamburg","galerie_werk_typ":"unbestimmt","galerie_online_shop":"nein","galerie_werk_signale":"","galerie_ranking_score":"0","galerie_ranking_rang":"9402","galerie_claimed_by":""},"kuenstler":[35720,1999,4429,7447,34607,35717,4358,35718,35719,35721,35722,5882,21597],"galerie_stadt":[67],"galerie_typ":[],"galerie_land":[49],"class_list":["post-39098","galerie","type-galerie","status-publish","hentry","kuenstler-anne-laure-sacriste","kuenstler-gerwald-rockenschaub","kuenstler-guenther-foerg","kuenstler-imi-knoebel","kuenstler-janis-avotins","kuenstler-jean-marc-bustamante","kuenstler-kohei-nawa","kuenstler-laura-carralero","kuenstler-linda-mccue","kuenstler-michelle-stuart","kuenstler-paul-winstanley","kuenstler-sigmar-polke","kuenstler-winston-roeth","galerie_stadt-hamburg","galerie_land-de"],"acf":[],"_links":{"self":[{"href":"https:\/\/contemporary-arts.de\/index.php\/wp-json\/wp\/v2\/galerie\/39098","targetHints":{"allow":["GET"]}}],"collection":[{"href":"https:\/\/contemporary-arts.de\/index.php\/wp-json\/wp\/v2\/galerie"}],"about":[{"href":"https:\/\/contemporary-arts.de\/index.php\/wp-json\/wp\/v2\/types\/galerie"}],"author":[{"embeddable":true,"href":"https:\/\/contemporary-arts.de\/index.php\/wp-json\/wp\/v2\/users\/1"}],"wp:attachment":[{"href":"https:\/\/contemporary-arts.de\/index.php\/wp-json\/wp\/v2\/media?parent=39098"}],"wp:term":[{"taxonomy":"kuenstler","embeddable":true,"href":"https:\/\/contemporary-arts.de\/index.php\/wp-json\/wp\/v2\/kuenstler?post=39098"},{"taxonomy":"galerie_stadt","embeddable":true,"href":"https:\/\/contemporary-arts.de\/index.php\/wp-json\/wp\/v2\/galerie_stadt?post=39098"},{"taxonomy":"galerie_typ","embeddable":true,"href":"https:\/\/contemporary-arts.de\/index.php\/wp-json\/wp\/v2\/galerie_typ?post=39098"},{"taxonomy":"galerie_land","embeddable":true,"href":"https:\/\/contemporary-arts.de\/index.php\/wp-json\/wp\/v2\/galerie_land?post=39098"}],"curies":[{"name":"wp","href":"https:\/\/api.w.org\/{rel}","templated":true}]}}